{"id":897,"date":"2018-04-09T08:30:17","date_gmt":"2018-04-09T06:30:17","guid":{"rendered":"http:\/\/martytatoo.paris\/?page_id=897"},"modified":"2025-01-20T09:16:06","modified_gmt":"2025-01-20T08:16:06","slug":"ecole-francaise-agree-en-tatouage-ephemere","status":"publish","type":"page","link":"https:\/\/pierre-delaunay.fr\/marty-tatoo\/ecole-francaise-agree-en-tatouage-ephemere\/","title":{"rendered":"FORMATION"},"content":{"rendered":"<div class=\"wpb-content-wrapper\"><p>[vc_row][vc_column][vc_custom_heading text=\u00a0\u00bbLA PREMI\u00c8RE \u00c9COLE FRAN\u00c7AISE AGR\u00c9\u00c9 EN TATOUAGE \u00c9PH\u00c9M\u00c8RE DEPUIS 2003&Prime; font_size=\u00a0\u00bb72&Prime; font_weight=\u00a0\u00bb400&Prime; letter_spacing=\u00a0\u00bb0&Prime;][\/vc_column][\/vc_row][vc_row equal_height=\u00a0\u00bb\u00a0\u00bb font_color=\u00a0\u00bbdark\u00a0\u00bb shift_y=\u00a0\u00bb0&Prime; z_index=\u00a0\u00bb0&Prime;][vc_column width=\u00a0\u00bb2\/3&Prime;][vc_column_text inline_style=\u00a0\u00bbtext-align: justify;margin-top: -2em;\u00a0\u00bb]<strong>Vous souhaitez devenir professionnelle. Vous d\u00e9marquer de la concurrence et devenir une artiste accomplie ! MARTYTATOO s\u2019engage !<\/strong><\/p>\n<p><strong>Notre volont\u00e9 :<\/strong><\/p>\n<p>Mettre tout en \u0153uvre et vous transmettre le fruit de nos 21 ann\u00e9es d\u2019exp\u00e9rience en vous proposant des cours intensifs.<\/p>\n<p><strong>Notre engagement :<\/strong><\/p>\n<p>Chacun de nous poss\u00e8de un sens cr\u00e9atif, nous vous accompagnerons dans cette voie en vous confiant de nombreux secrets d\u2019artistes. Certes vous apprendrez \u00e0 vous servir de transferts mais vous apprendrez aussi \u00e0 travailler \u00e0 main lev\u00e9e en d\u00e9butant votre nouvelle activit\u00e9 avec l\u2019aisance d\u2019une professionnelle.<\/p>\n<p><strong>Notre accompagnement :<\/strong><\/p>\n<p>MARTYTATOO a innov\u00e9 dans l\u2019univers du tatouage en 2006&#8230; Tatouage \u00e0 la <a href=\"http:\/\/martytatoo.paris\/tatouage-poudre-de-diamant\/\">poudre de diamant<\/a> (marque d\u00e9pos\u00e9e). Nous vous proposerons toujours les derni\u00e8res techniques et m\u00e9thodes innovantes afin de vous donner sur le long terme la meilleure satisfaction et faire de vous des professionnels toujours \u00e0 la pointe.<\/p>\n<p><strong>NOUVEAUTE ! Tatouage au FLOCON DE CRISTAL, marque d\u00e9pos\u00e9e.<\/strong>[\/vc_column_text][\/vc_column][vc_column width=\u00a0\u00bb1\/3&Prime;][vc_single_image image=\u00a0\u00bb904&Prime; onclick=\u00a0\u00bblightbox\u00a0\u00bb full_size=\u00a0\u00bb1&Prime;][\/vc_column][\/vc_row]<\/p>\n<\/div>","protected":false},"excerpt":{"rendered":"<p>[vc_row][vc_column][vc_custom_heading text=\u00a0\u00bbLA PREMI\u00c8RE \u00c9COLE FRAN\u00c7AISE AGR\u00c9\u00c9 EN TATOUAGE \u00c9PH\u00c9M\u00c8RE DEPUIS 2003&Prime; font_size=\u00a0\u00bb72&Prime; font_weight=\u00a0\u00bb400&Prime; letter_spacing=\u00a0\u00bb0&Prime;][\/vc_column][\/vc_row][vc_row equal_height=\u00a0\u00bb\u00a0\u00bb font_color=\u00a0\u00bbdark\u00a0\u00bb shift_y=\u00a0\u00bb0&Prime; z_index=\u00a0\u00bb0&Prime;][vc_column width=\u00a0\u00bb2\/3&Prime;][vc_column_text inline_style=\u00a0\u00bbtext-align: justify;margin-top: -2em;\u00a0\u00bb]Vous souhaitez devenir professionnelle. Vous d\u00e9marquer de la concurrence et devenir une artiste accomplie ! MARTYTATOO s\u2019engage ! Notre volont\u00e9 : Mettre tout en \u0153uvre et vous transmettre le fruit de nos 21 ann\u00e9es&#8230;<\/p>\n<p><a rel=\"bookmark\" class=\"tattoopress-button-text wvc-button wvc-button-size-sm\" href=\"https:\/\/pierre-delaunay.fr\/marty-tatoo\/ecole-francaise-agree-en-tatouage-ephemere\/\"><small class=\"wvc-button-background-fill\"><\/small><span>continue reading<\/span><\/a><\/p>\n","protected":false},"author":1,"featured_media":0,"parent":0,"menu_order":0,"comment_status":"closed","ping_status":"closed","template":"","meta":{"footnotes":""},"class_list":{"0":"post-897","1":"page","2":"type-page","3":"status-publish","4":"hentry","5":"entry","6":"clearfix","7":"entry-grid","8":"entry-columns-default","9":"entry-page-module-layout-standard","10":"no-post-thumbnail","11":"entry-page","13":"entry-page-grid"},"yoast_head":"<!-- This site is optimized with the Yoast SEO plugin v24.1 - https:\/\/yoast.com\/wordpress\/plugins\/seo\/ -->\n<title>FORMATION - Marty Tatoo<\/title>\n<meta name=\"robots\" content=\"noindex, follow, max-snippet:-1, max-image-preview:large, max-video-preview:-1\" \/>\n<meta property=\"og:locale\" content=\"fr_FR\" \/>\n<meta property=\"og:type\" content=\"article\" \/>\n<meta property=\"og:title\" content=\"FORMATION - Marty Tatoo\" \/>\n<meta property=\"og:description\" content=\"[vc_row][vc_column][vc_custom_heading text=\u00a0\u00bbLA PREMI\u00c8RE \u00c9COLE FRAN\u00c7AISE AGR\u00c9\u00c9 EN TATOUAGE \u00c9PH\u00c9M\u00c8RE DEPUIS 2003&Prime; font_size=\u00a0\u00bb72&Prime; font_weight=\u00a0\u00bb400&Prime; letter_spacing=\u00a0\u00bb0&Prime;][\/vc_column][\/vc_row][vc_row equal_height=\u00a0\u00bb\u00a0\u00bb font_color=\u00a0\u00bbdark\u00a0\u00bb shift_y=\u00a0\u00bb0&Prime; z_index=\u00a0\u00bb0&Prime;][vc_column width=\u00a0\u00bb2\/3&Prime;][vc_column_text inline_style=\u00a0\u00bbtext-align: justify;margin-top: -2em;\u00a0\u00bb]Vous souhaitez devenir professionnelle. Vous d\u00e9marquer de la concurrence et devenir une artiste accomplie ! MARTYTATOO s\u2019engage ! Notre volont\u00e9 : Mettre tout en \u0153uvre et vous transmettre le fruit de nos 21 ann\u00e9es...continue reading\" \/>\n<meta property=\"og:url\" content=\"https:\/\/pierre-delaunay.fr\/marty-tatoo\/ecole-francaise-agree-en-tatouage-ephemere\/\" \/>\n<meta property=\"og:site_name\" content=\"Marty Tatoo\" \/>\n<meta property=\"article:publisher\" content=\"https:\/\/fr-fr.facebook.com\/AtelierMartyTatoo\/\" \/>\n<meta property=\"article:modified_time\" content=\"2025-01-20T08:16:06+00:00\" \/>\n<meta name=\"twitter:card\" content=\"summary_large_image\" \/>\n<meta name=\"twitter:label1\" content=\"Dur\u00e9e de lecture estim\u00e9e\" \/>\n\t<meta name=\"twitter:data1\" content=\"1 minute\" \/>\n<script type=\"application\/ld+json\" class=\"yoast-schema-graph\">{\"@context\":\"https:\/\/schema.org\",\"@graph\":[{\"@type\":\"WebPage\",\"@id\":\"https:\/\/pierre-delaunay.fr\/marty-tatoo\/ecole-francaise-agree-en-tatouage-ephemere\/\",\"url\":\"https:\/\/pierre-delaunay.fr\/marty-tatoo\/ecole-francaise-agree-en-tatouage-ephemere\/\",\"name\":\"FORMATION - Marty Tatoo\",\"isPartOf\":{\"@id\":\"https:\/\/pierre-delaunay.fr\/marty-tatoo\/#website\"},\"datePublished\":\"2018-04-09T06:30:17+00:00\",\"dateModified\":\"2025-01-20T08:16:06+00:00\",\"breadcrumb\":{\"@id\":\"https:\/\/pierre-delaunay.fr\/marty-tatoo\/ecole-francaise-agree-en-tatouage-ephemere\/#breadcrumb\"},\"inLanguage\":\"fr-FR\",\"potentialAction\":[{\"@type\":\"ReadAction\",\"target\":[\"https:\/\/pierre-delaunay.fr\/marty-tatoo\/ecole-francaise-agree-en-tatouage-ephemere\/\"]}]},{\"@type\":\"BreadcrumbList\",\"@id\":\"https:\/\/pierre-delaunay.fr\/marty-tatoo\/ecole-francaise-agree-en-tatouage-ephemere\/#breadcrumb\",\"itemListElement\":[{\"@type\":\"ListItem\",\"position\":1,\"name\":\"Accueil\",\"item\":\"https:\/\/pierre-delaunay.fr\/marty-tatoo\/\"},{\"@type\":\"ListItem\",\"position\":2,\"name\":\"FORMATION\"}]},{\"@type\":\"WebSite\",\"@id\":\"https:\/\/pierre-delaunay.fr\/marty-tatoo\/#website\",\"url\":\"https:\/\/pierre-delaunay.fr\/marty-tatoo\/\",\"name\":\"Marty Tatoo\",\"description\":\"PARIS\",\"publisher\":{\"@id\":\"https:\/\/pierre-delaunay.fr\/marty-tatoo\/#organization\"},\"potentialAction\":[{\"@type\":\"SearchAction\",\"target\":{\"@type\":\"EntryPoint\",\"urlTemplate\":\"https:\/\/pierre-delaunay.fr\/marty-tatoo\/?s={search_term_string}\"},\"query-input\":{\"@type\":\"PropertyValueSpecification\",\"valueRequired\":true,\"valueName\":\"search_term_string\"}}],\"inLanguage\":\"fr-FR\"},{\"@type\":\"Organization\",\"@id\":\"https:\/\/pierre-delaunay.fr\/marty-tatoo\/#organization\",\"name\":\"Marty Tatoo\",\"url\":\"https:\/\/pierre-delaunay.fr\/marty-tatoo\/\",\"logo\":{\"@type\":\"ImageObject\",\"inLanguage\":\"fr-FR\",\"@id\":\"https:\/\/pierre-delaunay.fr\/marty-tatoo\/#\/schema\/logo\/image\/\",\"url\":\"https:\/\/pierre-delaunay.fr\/marty-tatoo\/wp-content\/uploads\/logo-plien-png.png\",\"contentUrl\":\"https:\/\/pierre-delaunay.fr\/marty-tatoo\/wp-content\/uploads\/logo-plien-png.png\",\"width\":154,\"height\":150,\"caption\":\"Marty Tatoo\"},\"image\":{\"@id\":\"https:\/\/pierre-delaunay.fr\/marty-tatoo\/#\/schema\/logo\/image\/\"},\"sameAs\":[\"https:\/\/fr-fr.facebook.com\/AtelierMartyTatoo\/\",\"https:\/\/www.instagram.com\/martytatoo_officiel\/\"]}]}<\/script>\n<!-- \/ Yoast SEO plugin. -->","yoast_head_json":{"title":"FORMATION - Marty Tatoo","robots":{"index":"noindex","follow":"follow","max-snippet":"max-snippet:-1","max-image-preview":"max-image-preview:large","max-video-preview":"max-video-preview:-1"},"og_locale":"fr_FR","og_type":"article","og_title":"FORMATION - Marty Tatoo","og_description":"[vc_row][vc_column][vc_custom_heading text=\u00a0\u00bbLA PREMI\u00c8RE \u00c9COLE FRAN\u00c7AISE AGR\u00c9\u00c9 EN TATOUAGE \u00c9PH\u00c9M\u00c8RE DEPUIS 2003&Prime; font_size=\u00a0\u00bb72&Prime; font_weight=\u00a0\u00bb400&Prime; letter_spacing=\u00a0\u00bb0&Prime;][\/vc_column][\/vc_row][vc_row equal_height=\u00a0\u00bb\u00a0\u00bb font_color=\u00a0\u00bbdark\u00a0\u00bb shift_y=\u00a0\u00bb0&Prime; z_index=\u00a0\u00bb0&Prime;][vc_column width=\u00a0\u00bb2\/3&Prime;][vc_column_text inline_style=\u00a0\u00bbtext-align: justify;margin-top: -2em;\u00a0\u00bb]Vous souhaitez devenir professionnelle. Vous d\u00e9marquer de la concurrence et devenir une artiste accomplie ! MARTYTATOO s\u2019engage ! Notre volont\u00e9 : Mettre tout en \u0153uvre et vous transmettre le fruit de nos 21 ann\u00e9es...continue reading","og_url":"https:\/\/pierre-delaunay.fr\/marty-tatoo\/ecole-francaise-agree-en-tatouage-ephemere\/","og_site_name":"Marty Tatoo","article_publisher":"https:\/\/fr-fr.facebook.com\/AtelierMartyTatoo\/","article_modified_time":"2025-01-20T08:16:06+00:00","twitter_card":"summary_large_image","twitter_misc":{"Dur\u00e9e de lecture estim\u00e9e":"1 minute"},"schema":{"@context":"https:\/\/schema.org","@graph":[{"@type":"WebPage","@id":"https:\/\/pierre-delaunay.fr\/marty-tatoo\/ecole-francaise-agree-en-tatouage-ephemere\/","url":"https:\/\/pierre-delaunay.fr\/marty-tatoo\/ecole-francaise-agree-en-tatouage-ephemere\/","name":"FORMATION - Marty Tatoo","isPartOf":{"@id":"https:\/\/pierre-delaunay.fr\/marty-tatoo\/#website"},"datePublished":"2018-04-09T06:30:17+00:00","dateModified":"2025-01-20T08:16:06+00:00","breadcrumb":{"@id":"https:\/\/pierre-delaunay.fr\/marty-tatoo\/ecole-francaise-agree-en-tatouage-ephemere\/#breadcrumb"},"inLanguage":"fr-FR","potentialAction":[{"@type":"ReadAction","target":["https:\/\/pierre-delaunay.fr\/marty-tatoo\/ecole-francaise-agree-en-tatouage-ephemere\/"]}]},{"@type":"BreadcrumbList","@id":"https:\/\/pierre-delaunay.fr\/marty-tatoo\/ecole-francaise-agree-en-tatouage-ephemere\/#breadcrumb","itemListElement":[{"@type":"ListItem","position":1,"name":"Accueil","item":"https:\/\/pierre-delaunay.fr\/marty-tatoo\/"},{"@type":"ListItem","position":2,"name":"FORMATION"}]},{"@type":"WebSite","@id":"https:\/\/pierre-delaunay.fr\/marty-tatoo\/#website","url":"https:\/\/pierre-delaunay.fr\/marty-tatoo\/","name":"Marty Tatoo","description":"PARIS","publisher":{"@id":"https:\/\/pierre-delaunay.fr\/marty-tatoo\/#organization"},"potentialAction":[{"@type":"SearchAction","target":{"@type":"EntryPoint","urlTemplate":"https:\/\/pierre-delaunay.fr\/marty-tatoo\/?s={search_term_string}"},"query-input":{"@type":"PropertyValueSpecification","valueRequired":true,"valueName":"search_term_string"}}],"inLanguage":"fr-FR"},{"@type":"Organization","@id":"https:\/\/pierre-delaunay.fr\/marty-tatoo\/#organization","name":"Marty Tatoo","url":"https:\/\/pierre-delaunay.fr\/marty-tatoo\/","logo":{"@type":"ImageObject","inLanguage":"fr-FR","@id":"https:\/\/pierre-delaunay.fr\/marty-tatoo\/#\/schema\/logo\/image\/","url":"https:\/\/pierre-delaunay.fr\/marty-tatoo\/wp-content\/uploads\/logo-plien-png.png","contentUrl":"https:\/\/pierre-delaunay.fr\/marty-tatoo\/wp-content\/uploads\/logo-plien-png.png","width":154,"height":150,"caption":"Marty Tatoo"},"image":{"@id":"https:\/\/pierre-delaunay.fr\/marty-tatoo\/#\/schema\/logo\/image\/"},"sameAs":["https:\/\/fr-fr.facebook.com\/AtelierMartyTatoo\/","https:\/\/www.instagram.com\/martytatoo_officiel\/"]}]}},"_links":{"self":[{"href":"https:\/\/pierre-delaunay.fr\/marty-tatoo\/wp-json\/wp\/v2\/pages\/897","targetHints":{"allow":["GET"]}}],"collection":[{"href":"https:\/\/pierre-delaunay.fr\/marty-tatoo\/wp-json\/wp\/v2\/pages"}],"about":[{"href":"https:\/\/pierre-delaunay.fr\/marty-tatoo\/wp-json\/wp\/v2\/types\/page"}],"author":[{"embeddable":true,"href":"https:\/\/pierre-delaunay.fr\/marty-tatoo\/wp-json\/wp\/v2\/users\/1"}],"replies":[{"embeddable":true,"href":"https:\/\/pierre-delaunay.fr\/marty-tatoo\/wp-json\/wp\/v2\/comments?post=897"}],"version-history":[{"count":6,"href":"https:\/\/pierre-delaunay.fr\/marty-tatoo\/wp-json\/wp\/v2\/pages\/897\/revisions"}],"predecessor-version":[{"id":25149,"href":"https:\/\/pierre-delaunay.fr\/marty-tatoo\/wp-json\/wp\/v2\/pages\/897\/revisions\/25149"}],"wp:attachment":[{"href":"https:\/\/pierre-delaunay.fr\/marty-tatoo\/wp-json\/wp\/v2\/media?parent=897"}],"curies":[{"name":"wp","href":"https:\/\/api.w.org\/{rel}","templated":true}]}}