{"id":780,"date":"2018-03-19T09:37:41","date_gmt":"2018-03-19T08:37:41","guid":{"rendered":"http:\/\/martytatoo.paris\/?page_id=780"},"modified":"2024-12-17T11:21:39","modified_gmt":"2024-12-17T10:21:39","slug":"tatouage-acrylica","status":"publish","type":"page","link":"https:\/\/pierre-delaunay.fr\/marty-tatoo\/tatouage-acrylica\/","title":{"rendered":"Tatouage Acrylica"},"content":{"rendered":"<div class=\"wpb-content-wrapper\"><p>[vc_row][vc_column][vc_custom_heading text=\u00a0\u00bbNOIR ET COULEURS MATES, EFFET RELIEF\u00a0\u00bb font_size=\u00a0\u00bb72&Prime; font_weight=\u00a0\u00bb400&Prime; letter_spacing=\u00a0\u00bb0&Prime;][vc_custom_heading text=\u00a0\u00bbDur\u00e9e 5\/6 jours minimum\u00a0\u00bb font_size=\u00a0\u00bb50&Prime; font_weight=\u00a0\u00bb400&Prime; letter_spacing=\u00a0\u00bb0&Prime;][\/vc_column][\/vc_row][vc_row equal_height=\u00a0\u00bb\u00a0\u00bb font_color=\u00a0\u00bbdark\u00a0\u00bb shift_y=\u00a0\u00bb0&Prime; z_index=\u00a0\u00bb0&Prime;][vc_column width=\u00a0\u00bb2\/3&Prime;][vc_column_text inline_style=\u00a0\u00bbtext-align: justify;margin-top: -2em;\u00a0\u00bb]<strong>Ce tatouage est couramment\u00a0 appel\u00e9 henn\u00e9 blanc ou connu sous la marque de henna glam, mais le henn\u00e9 blanc et plus encore de couleur synth\u00e9tique\u00a0 n\u2019existe pas.<\/strong><\/p>\n<p>C\u2019est un produit cosm\u00e9tique hypoallerg\u00e9nique et sans latex qui contient de l\u2019acrylique pour peau, tr\u00e8s bonne tenue sous l\u2019eau. D\u2019une texture \u00e9paisse, il s\u2019applique sur la peau comme un henn\u00e9 \u00e0 l\u2019aide d\u2019un c\u00f4ne ou une pipette. Le l\u00e9ger relief de cette mati\u00e8re est tr\u00e8s adapt\u00e9 \u00e0 la r\u00e9alisation de tatouages style indien (mendhy), oriental, dentelle, des pi\u00e8ces f\u00e9minines et pr\u00e9cieuses. Il est possible de le combiner avec <a href=\"http:\/\/martytatoo.paris\/tatouage-encre-australienne\/\">l\u2019encre australienne<\/a> pour rajouter des effets suppl\u00e9mentaires \u00e0 une composition. Dix-huit couleurs propos\u00e9es: blanc, turquoise, bleu nuit, orange, etc. La couleur noir est l\u00e9g\u00e8rement satin\u00e9e.<\/p>\n<p><strong>Tarif :<\/strong> \u00e0 partir de 20 \u20ac pour les plus petits mod\u00e8les. Ensuite le prix est d\u00e9termin\u00e9 en fonction de la taille et de la particularit\u00e9 du dessin.<\/p>\n<p>TATOUAGES R\u00c9ALIS\u00c9S PAR NOS ARTISTES TATOUEUSES (sans pochoir).[\/vc_column_text][\/vc_column][vc_column width=\u00a0\u00bb1\/3&Prime;][vc_single_image image=\u00a0\u00bb942&Prime; onclick=\u00a0\u00bblightbox\u00a0\u00bb full_size=\u00a0\u00bb1&Prime;]<section class='pricing-tables clearfix pricing-tables-2-cols' ><div class='pricing-table-inner'><ul><li class=\"pricing-table-title-cell\"><h3 class='pricing-table-title'>A partir de<\/h3><\/li><li class=\"pricing-table-main-content\"><span class='pricing-table-price'>20\u20ac<\/span><\/li><li class=\"pricing-table-button\"><a href='http:\/\/martytatoo.paris\/contact\/' target=''>Prendre rendez-vous<\/a><\/li><\/ul><\/div><\/section>[\/vc_column][\/vc_row][vc_row][vc_column][vc_gallery type=\u00a0\u00bbcarousel\u00a0\u00bb img_size=\u00a0\u00bb300&#215;537&Prime; slides_per_view=\u00a0\u00bb4&Prime; hover_effect=\u00a0\u00bbzoomin\u00a0\u00bb images=\u00a0\u00bb943,944&Prime;][\/vc_column][\/vc_row]<\/p>\n<\/div>","protected":false},"excerpt":{"rendered":"<p>[vc_row][vc_column][vc_custom_heading text=\u00a0\u00bbNOIR ET COULEURS MATES, EFFET RELIEF\u00a0\u00bb font_size=\u00a0\u00bb72&Prime; font_weight=\u00a0\u00bb400&Prime; letter_spacing=\u00a0\u00bb0&Prime;][vc_custom_heading text=\u00a0\u00bbDur\u00e9e 5\/6 jours minimum\u00a0\u00bb font_size=\u00a0\u00bb50&Prime; font_weight=\u00a0\u00bb400&Prime; letter_spacing=\u00a0\u00bb0&Prime;][\/vc_column][\/vc_row][vc_row equal_height=\u00a0\u00bb\u00a0\u00bb font_color=\u00a0\u00bbdark\u00a0\u00bb shift_y=\u00a0\u00bb0&Prime; z_index=\u00a0\u00bb0&Prime;][vc_column width=\u00a0\u00bb2\/3&Prime;][vc_column_text inline_style=\u00a0\u00bbtext-align: justify;margin-top: -2em;\u00a0\u00bb]Ce tatouage est couramment\u00a0 appel\u00e9 henn\u00e9 blanc ou connu sous la marque de henna glam, mais le henn\u00e9 blanc et plus encore de couleur synth\u00e9tique\u00a0 n\u2019existe pas. C\u2019est un produit cosm\u00e9tique&#8230;<\/p>\n<p><a rel=\"bookmark\" class=\"tattoopress-button-text wvc-button wvc-button-size-sm\" href=\"https:\/\/pierre-delaunay.fr\/marty-tatoo\/tatouage-acrylica\/\"><small class=\"wvc-button-background-fill\"><\/small><span>continue reading<\/span><\/a><\/p>\n","protected":false},"author":1,"featured_media":0,"parent":0,"menu_order":0,"comment_status":"closed","ping_status":"closed","template":"","meta":{"footnotes":""},"class_list":{"0":"post-780","1":"page","2":"type-page","3":"status-publish","4":"hentry","5":"entry","6":"clearfix","7":"entry-grid","8":"entry-columns-default","9":"entry-page-module-layout-standard","10":"no-post-thumbnail","11":"entry-page","13":"entry-page-grid"},"yoast_head":"<!-- This site is optimized with the Yoast SEO plugin v24.1 - https:\/\/yoast.com\/wordpress\/plugins\/seo\/ -->\n<title>Tatouage Acrylica - Marty Tatoo<\/title>\n<meta name=\"robots\" content=\"noindex, follow, max-snippet:-1, max-image-preview:large, max-video-preview:-1\" \/>\n<meta property=\"og:locale\" content=\"fr_FR\" \/>\n<meta property=\"og:type\" content=\"article\" \/>\n<meta property=\"og:title\" content=\"Tatouage Acrylica - Marty Tatoo\" \/>\n<meta property=\"og:description\" content=\"[vc_row][vc_column][vc_custom_heading text=\u00a0\u00bbNOIR ET COULEURS MATES, EFFET RELIEF\u00a0\u00bb font_size=\u00a0\u00bb72&Prime; font_weight=\u00a0\u00bb400&Prime; letter_spacing=\u00a0\u00bb0&Prime;][vc_custom_heading text=\u00a0\u00bbDur\u00e9e 5\/6 jours minimum\u00a0\u00bb font_size=\u00a0\u00bb50&Prime; font_weight=\u00a0\u00bb400&Prime; letter_spacing=\u00a0\u00bb0&Prime;][\/vc_column][\/vc_row][vc_row equal_height=\u00a0\u00bb\u00a0\u00bb font_color=\u00a0\u00bbdark\u00a0\u00bb shift_y=\u00a0\u00bb0&Prime; z_index=\u00a0\u00bb0&Prime;][vc_column width=\u00a0\u00bb2\/3&Prime;][vc_column_text inline_style=\u00a0\u00bbtext-align: justify;margin-top: -2em;\u00a0\u00bb]Ce tatouage est couramment\u00a0 appel\u00e9 henn\u00e9 blanc ou connu sous la marque de henna glam, mais le henn\u00e9 blanc et plus encore de couleur synth\u00e9tique\u00a0 n\u2019existe pas. C\u2019est un produit cosm\u00e9tique...continue reading\" \/>\n<meta property=\"og:url\" content=\"https:\/\/pierre-delaunay.fr\/marty-tatoo\/tatouage-acrylica\/\" \/>\n<meta property=\"og:site_name\" content=\"Marty Tatoo\" \/>\n<meta property=\"article:publisher\" content=\"https:\/\/fr-fr.facebook.com\/AtelierMartyTatoo\/\" \/>\n<meta property=\"article:modified_time\" content=\"2024-12-17T10:21:39+00:00\" \/>\n<meta name=\"twitter:card\" content=\"summary_large_image\" \/>\n<meta name=\"twitter:label1\" content=\"Dur\u00e9e de lecture estim\u00e9e\" \/>\n\t<meta name=\"twitter:data1\" content=\"2 minutes\" \/>\n<script type=\"application\/ld+json\" class=\"yoast-schema-graph\">{\"@context\":\"https:\/\/schema.org\",\"@graph\":[{\"@type\":\"WebPage\",\"@id\":\"https:\/\/pierre-delaunay.fr\/marty-tatoo\/tatouage-acrylica\/\",\"url\":\"https:\/\/pierre-delaunay.fr\/marty-tatoo\/tatouage-acrylica\/\",\"name\":\"Tatouage Acrylica - Marty Tatoo\",\"isPartOf\":{\"@id\":\"https:\/\/pierre-delaunay.fr\/marty-tatoo\/#website\"},\"datePublished\":\"2018-03-19T08:37:41+00:00\",\"dateModified\":\"2024-12-17T10:21:39+00:00\",\"breadcrumb\":{\"@id\":\"https:\/\/pierre-delaunay.fr\/marty-tatoo\/tatouage-acrylica\/#breadcrumb\"},\"inLanguage\":\"fr-FR\",\"potentialAction\":[{\"@type\":\"ReadAction\",\"target\":[\"https:\/\/pierre-delaunay.fr\/marty-tatoo\/tatouage-acrylica\/\"]}]},{\"@type\":\"BreadcrumbList\",\"@id\":\"https:\/\/pierre-delaunay.fr\/marty-tatoo\/tatouage-acrylica\/#breadcrumb\",\"itemListElement\":[{\"@type\":\"ListItem\",\"position\":1,\"name\":\"Accueil\",\"item\":\"https:\/\/pierre-delaunay.fr\/marty-tatoo\/\"},{\"@type\":\"ListItem\",\"position\":2,\"name\":\"Tatouage Acrylica\"}]},{\"@type\":\"WebSite\",\"@id\":\"https:\/\/pierre-delaunay.fr\/marty-tatoo\/#website\",\"url\":\"https:\/\/pierre-delaunay.fr\/marty-tatoo\/\",\"name\":\"Marty Tatoo\",\"description\":\"PARIS\",\"publisher\":{\"@id\":\"https:\/\/pierre-delaunay.fr\/marty-tatoo\/#organization\"},\"potentialAction\":[{\"@type\":\"SearchAction\",\"target\":{\"@type\":\"EntryPoint\",\"urlTemplate\":\"https:\/\/pierre-delaunay.fr\/marty-tatoo\/?s={search_term_string}\"},\"query-input\":{\"@type\":\"PropertyValueSpecification\",\"valueRequired\":true,\"valueName\":\"search_term_string\"}}],\"inLanguage\":\"fr-FR\"},{\"@type\":\"Organization\",\"@id\":\"https:\/\/pierre-delaunay.fr\/marty-tatoo\/#organization\",\"name\":\"Marty Tatoo\",\"url\":\"https:\/\/pierre-delaunay.fr\/marty-tatoo\/\",\"logo\":{\"@type\":\"ImageObject\",\"inLanguage\":\"fr-FR\",\"@id\":\"https:\/\/pierre-delaunay.fr\/marty-tatoo\/#\/schema\/logo\/image\/\",\"url\":\"https:\/\/pierre-delaunay.fr\/marty-tatoo\/wp-content\/uploads\/logo-plien-png.png\",\"contentUrl\":\"https:\/\/pierre-delaunay.fr\/marty-tatoo\/wp-content\/uploads\/logo-plien-png.png\",\"width\":154,\"height\":150,\"caption\":\"Marty Tatoo\"},\"image\":{\"@id\":\"https:\/\/pierre-delaunay.fr\/marty-tatoo\/#\/schema\/logo\/image\/\"},\"sameAs\":[\"https:\/\/fr-fr.facebook.com\/AtelierMartyTatoo\/\",\"https:\/\/www.instagram.com\/martytatoo_officiel\/\"]}]}<\/script>\n<!-- \/ Yoast SEO plugin. -->","yoast_head_json":{"title":"Tatouage Acrylica - Marty Tatoo","robots":{"index":"noindex","follow":"follow","max-snippet":"max-snippet:-1","max-image-preview":"max-image-preview:large","max-video-preview":"max-video-preview:-1"},"og_locale":"fr_FR","og_type":"article","og_title":"Tatouage Acrylica - Marty Tatoo","og_description":"[vc_row][vc_column][vc_custom_heading text=\u00a0\u00bbNOIR ET COULEURS MATES, EFFET RELIEF\u00a0\u00bb font_size=\u00a0\u00bb72&Prime; font_weight=\u00a0\u00bb400&Prime; letter_spacing=\u00a0\u00bb0&Prime;][vc_custom_heading text=\u00a0\u00bbDur\u00e9e 5\/6 jours minimum\u00a0\u00bb font_size=\u00a0\u00bb50&Prime; font_weight=\u00a0\u00bb400&Prime; letter_spacing=\u00a0\u00bb0&Prime;][\/vc_column][\/vc_row][vc_row equal_height=\u00a0\u00bb\u00a0\u00bb font_color=\u00a0\u00bbdark\u00a0\u00bb shift_y=\u00a0\u00bb0&Prime; z_index=\u00a0\u00bb0&Prime;][vc_column width=\u00a0\u00bb2\/3&Prime;][vc_column_text inline_style=\u00a0\u00bbtext-align: justify;margin-top: -2em;\u00a0\u00bb]Ce tatouage est couramment\u00a0 appel\u00e9 henn\u00e9 blanc ou connu sous la marque de henna glam, mais le henn\u00e9 blanc et plus encore de couleur synth\u00e9tique\u00a0 n\u2019existe pas. C\u2019est un produit cosm\u00e9tique...continue reading","og_url":"https:\/\/pierre-delaunay.fr\/marty-tatoo\/tatouage-acrylica\/","og_site_name":"Marty Tatoo","article_publisher":"https:\/\/fr-fr.facebook.com\/AtelierMartyTatoo\/","article_modified_time":"2024-12-17T10:21:39+00:00","twitter_card":"summary_large_image","twitter_misc":{"Dur\u00e9e de lecture estim\u00e9e":"2 minutes"},"schema":{"@context":"https:\/\/schema.org","@graph":[{"@type":"WebPage","@id":"https:\/\/pierre-delaunay.fr\/marty-tatoo\/tatouage-acrylica\/","url":"https:\/\/pierre-delaunay.fr\/marty-tatoo\/tatouage-acrylica\/","name":"Tatouage Acrylica - Marty Tatoo","isPartOf":{"@id":"https:\/\/pierre-delaunay.fr\/marty-tatoo\/#website"},"datePublished":"2018-03-19T08:37:41+00:00","dateModified":"2024-12-17T10:21:39+00:00","breadcrumb":{"@id":"https:\/\/pierre-delaunay.fr\/marty-tatoo\/tatouage-acrylica\/#breadcrumb"},"inLanguage":"fr-FR","potentialAction":[{"@type":"ReadAction","target":["https:\/\/pierre-delaunay.fr\/marty-tatoo\/tatouage-acrylica\/"]}]},{"@type":"BreadcrumbList","@id":"https:\/\/pierre-delaunay.fr\/marty-tatoo\/tatouage-acrylica\/#breadcrumb","itemListElement":[{"@type":"ListItem","position":1,"name":"Accueil","item":"https:\/\/pierre-delaunay.fr\/marty-tatoo\/"},{"@type":"ListItem","position":2,"name":"Tatouage Acrylica"}]},{"@type":"WebSite","@id":"https:\/\/pierre-delaunay.fr\/marty-tatoo\/#website","url":"https:\/\/pierre-delaunay.fr\/marty-tatoo\/","name":"Marty Tatoo","description":"PARIS","publisher":{"@id":"https:\/\/pierre-delaunay.fr\/marty-tatoo\/#organization"},"potentialAction":[{"@type":"SearchAction","target":{"@type":"EntryPoint","urlTemplate":"https:\/\/pierre-delaunay.fr\/marty-tatoo\/?s={search_term_string}"},"query-input":{"@type":"PropertyValueSpecification","valueRequired":true,"valueName":"search_term_string"}}],"inLanguage":"fr-FR"},{"@type":"Organization","@id":"https:\/\/pierre-delaunay.fr\/marty-tatoo\/#organization","name":"Marty Tatoo","url":"https:\/\/pierre-delaunay.fr\/marty-tatoo\/","logo":{"@type":"ImageObject","inLanguage":"fr-FR","@id":"https:\/\/pierre-delaunay.fr\/marty-tatoo\/#\/schema\/logo\/image\/","url":"https:\/\/pierre-delaunay.fr\/marty-tatoo\/wp-content\/uploads\/logo-plien-png.png","contentUrl":"https:\/\/pierre-delaunay.fr\/marty-tatoo\/wp-content\/uploads\/logo-plien-png.png","width":154,"height":150,"caption":"Marty Tatoo"},"image":{"@id":"https:\/\/pierre-delaunay.fr\/marty-tatoo\/#\/schema\/logo\/image\/"},"sameAs":["https:\/\/fr-fr.facebook.com\/AtelierMartyTatoo\/","https:\/\/www.instagram.com\/martytatoo_officiel\/"]}]}},"_links":{"self":[{"href":"https:\/\/pierre-delaunay.fr\/marty-tatoo\/wp-json\/wp\/v2\/pages\/780","targetHints":{"allow":["GET"]}}],"collection":[{"href":"https:\/\/pierre-delaunay.fr\/marty-tatoo\/wp-json\/wp\/v2\/pages"}],"about":[{"href":"https:\/\/pierre-delaunay.fr\/marty-tatoo\/wp-json\/wp\/v2\/types\/page"}],"author":[{"embeddable":true,"href":"https:\/\/pierre-delaunay.fr\/marty-tatoo\/wp-json\/wp\/v2\/users\/1"}],"replies":[{"embeddable":true,"href":"https:\/\/pierre-delaunay.fr\/marty-tatoo\/wp-json\/wp\/v2\/comments?post=780"}],"version-history":[{"count":13,"href":"https:\/\/pierre-delaunay.fr\/marty-tatoo\/wp-json\/wp\/v2\/pages\/780\/revisions"}],"predecessor-version":[{"id":24865,"href":"https:\/\/pierre-delaunay.fr\/marty-tatoo\/wp-json\/wp\/v2\/pages\/780\/revisions\/24865"}],"wp:attachment":[{"href":"https:\/\/pierre-delaunay.fr\/marty-tatoo\/wp-json\/wp\/v2\/media?parent=780"}],"curies":[{"name":"wp","href":"https:\/\/api.w.org\/{rel}","templated":true}]}}