{"id":697,"date":"2018-11-17T15:59:58","date_gmt":"2018-11-17T14:59:58","guid":{"rendered":"http:\/\/martytatoo.paris\/?page_id=697"},"modified":"2024-12-16T12:08:07","modified_gmt":"2024-12-16T11:08:07","slug":"formation-tatouage-bijou-et-tatouage-du-monde","status":"publish","type":"page","link":"https:\/\/pierre-delaunay.fr\/marty-tatoo\/formation-tatouage-bijou-et-tatouage-du-monde\/","title":{"rendered":"Formation tatouage bijou &#038; tatouage du monde"},"content":{"rendered":"<div class=\"wpb-content-wrapper\"><p>[vc_row][vc_column]<h2  style='line-height:1;font-weight:400;letter-spacing:0px;text-transform:uppercase;' class='wvc-fittext text-center clearfix' data-max-font-size='72'>MODULE 1ER DEGR\u00c9 : INITIATION<br \/>\nCours intensif sur 2 jours \/ 16 heures<\/h2>[\/vc_column][\/vc_row][vc_row equal_height=\u00a0\u00bb\u00a0\u00bb font_color=\u00a0\u00bbdark\u00a0\u00bb shift_y=\u00a0\u00bb0&Prime; z_index=\u00a0\u00bb0&Prime;][vc_column width=\u00a0\u00bb2\/3&Prime;][vc_column_text inline_style=\u00a0\u00bbtext-align: justify;margin-top: -2em;\u00a0\u00bb]<\/p>\n<h3><\/h3>\n<h3>PROGRAMME<\/h3>\n<p><strong>Formation TATOUAGE BIJOU<\/strong><br \/>\n<strong>paillette, poudre de diamant\u00a9 et flocon de cristal\u00a9<\/strong><\/p>\n<p><strong>D\u00e9but de la formation 10h30<br \/>\n<\/strong>Le matin, dur\u00e9e 4 heures :<br \/>\n&#8211; L\u00e9gislation et connaissance du m\u00e9tier.<br \/>\n&#8211; \u00a0\u00a0Familiarisation des outils de travail, d\u00e9couverte des mati\u00e8res utilis\u00e9es.<br \/>\n&#8211; Initiation aux diff\u00e9rentes m\u00e9thodes de transfert.<br \/>\n&#8211; R\u00e9alisation de votre premier tatouage bijou sur mod\u00e8le.<\/p>\n<p>Pose d\u00e9jeuner 1h*<strong><br \/>\n<\/strong>L\u2019apr\u00e8s-midi, dur\u00e9e 4 heures :<br \/>\n&#8211; Cours de dessin orient\u00e9 sur l\u2019art du tatouage oriental et indien (mendhy).<br \/>\n&#8211; D\u00e9couverte des tendances actuelles.<br \/>\n&#8211; M\u00e9morisation des graphismes de base pour cr\u00e9ation \u00e0 main lev\u00e9e.<br \/>\n&#8211; R\u00e9alisation de votre premi\u00e8re cr\u00e9ation en free style.<\/p>\n<p>Consommables: poudre de diamant, flocons de cristal, paillettes, colle cosm\u00e9tique, pipettes etc, vous seront fournis sur commande.<\/p>\n<p><strong>Formation TATOUAGE du MONDE<\/strong><br \/>\n<strong>Henn\u00e9 naturel et jagua d\u2019Am\u00e9rique du sud<\/strong><\/p>\n<p><strong>D\u00e9but de la formation 10h30<br \/>\n<\/strong>Le matin, dur\u00e9e 4 heures :<br \/>\n&#8211; L\u00e9gislation et connaissance des mati\u00e8res henn\u00e9 et jagua.<br \/>\n&#8211; Recette de fabrication du henn\u00e9 naturel.<br \/>\n&#8211; R\u00e9alisation de votre premier tatouage sur mod\u00e8le.<\/p>\n<p>Pose d\u00e9jeuner 1h*<\/p>\n<p>L\u2019apr\u00e8s-midi, dur\u00e9e 4 heures :<br \/>\n&#8211; Cours de dessin et m\u00e9morisation des techniques afin de d\u00e9velopper votre cr\u00e9ativit\u00e9.<br \/>\n&#8211; R\u00e9alisation \u00e0 main lev\u00e9e des motifs incontournables: plumes, noeuds, etc.<br \/>\n&#8211; Pratique sur mod\u00e8le avec effets et ombrages.<\/p>\n<p>Les coordonn\u00e9es de notre fournisseur vous seront remises.<\/p>\n<p><strong>NOUVEAUT\u00c9 !<\/strong> <a href=\"http:\/\/martytatoo.paris\/tatouage-hengua\/\">Le Hengua<\/a> (mixe henn\u00e9 naturel\/jagua)<br \/>\nLe tatouage aux cinq couleurs: noir sans PPD, bordeaux, orange, bleu et marron. Nouvelle formation \u00e0 venir&#8230;!<\/p>\n<p>A l\u2019issu de chaque journ\u00e9e il vous sera remis un dossier de formation et une attestation. Nous vous conseillons vivement de d\u00e9marrer votre nouvelle activit\u00e9 par ce module de 2 jours tr\u00e8s complet, il vous permet de proposer \u00e0 votre client\u00e8le 3 types de tatouages. A titre d&rsquo;exemple, nous vous pr\u00e9sentons\u00a0<a href=\"https:\/\/martytatoo.paris\/actualite\/sea-sun-tatouage-bijou-oblige-cet-ete-avec-salome\/\">Salom\u00e9<\/a> qui depuis sa formation, r\u00e9alise des tatouages bijou de toute beaut\u00e9!&#8230; Mais il vous est possible de prendre s\u00e9par\u00e9ment l\u2019une des deux formations. Un savoir faire s\u2019acqui\u00e8re avec le temps&#8230; notre conseil ! A la fin de cette session, vous devrez pratiquer assid\u00fbment pour laisser se d\u00e9velopper votre sensibilit\u00e9 et votre cr\u00e9ativit\u00e9. A la demande<strong> :<\/strong> des cours priv\u00e9s et personnalis\u00e9s vous sont propos\u00e9s afin de vous perfectionner. Nous restons toujours \u00e0 votre \u00e9coute pour un suivi personnalis\u00e9. *Pose d\u00e9jeuner: si vous le souhaitez nous aimons partager ce moment de convivialit\u00e9 et d\u2019\u00e9changes. Pour garder la chaleur et le partage, nous vous recevrons par petits groupes de 6 personnes maximum.\u00a0<em>Les hommes ne sont pas exclus bien s\u00fbr !<\/em><\/p>\n<p>N\u00b0 d\u2019agr\u00e9ment :<em> 1175444697975 <\/em><br \/>\nFormatrice :<em> MARTY<\/em>[\/vc_column_text][\/vc_column][vc_column width=\u00a0\u00bb1\/3&Prime;][vc_single_image image=\u00a0\u00bb909&Prime; onclick=\u00a0\u00bblightbox\u00a0\u00bb full_size=\u00a0\u00bb1&Prime;]<section class='pricing-tables clearfix pricing-tables-2-cols' ><div class='pricing-table-inner'><ul><li class=\"pricing-table-title-cell\"><h3 class='pricing-table-title'>TARIF<\/h3><\/li><li class=\"pricing-table-main-content\"><span class='pricing-table-price'>1080\u20ac<\/span><\/li><li class=\"pricing-table-button\"><a href='http:\/\/martytatoo.paris\/contact\/' target=''>Demande d'inscription<\/a><\/li><\/ul><\/div><\/section>[\/vc_column][\/vc_row][vc_row][vc_column][vc_gallery type=\u00a0\u00bbcarousel\u00a0\u00bb img_size=\u00a0\u00bb300&#215;537&Prime; slides_per_view=\u00a0\u00bb4&Prime; hover_effect=\u00a0\u00bbzoomin\u00a0\u00bb images=\u00a0\u00bb6137,6139,6138,6140,3327,1783,1770,1782,1769,1781,1777,1776,1771,1775,2122,2121,2139,2140,2123,2120,2124,2125,2119,1772,1773,1774,1778,1779,1780,1784,1785,1786,1787,1788&Prime;][\/vc_column][\/vc_row]<\/p>\n<\/div>","protected":false},"excerpt":{"rendered":"<p>[vc_row][vc_column][\/vc_column][\/vc_row][vc_row equal_height=\u00a0\u00bb\u00a0\u00bb font_color=\u00a0\u00bbdark\u00a0\u00bb shift_y=\u00a0\u00bb0&Prime; z_index=\u00a0\u00bb0&Prime;][vc_column width=\u00a0\u00bb2\/3&Prime;][vc_column_text inline_style=\u00a0\u00bbtext-align: justify;margin-top: -2em;\u00a0\u00bb] PROGRAMME Formation TATOUAGE BIJOU paillette, poudre de diamant\u00a9 et flocon de cristal\u00a9 D\u00e9but de la formation 10h30 Le matin, dur\u00e9e 4 heures : &#8211; L\u00e9gislation et connaissance du m\u00e9tier. &#8211; \u00a0\u00a0Familiarisation des outils de travail, d\u00e9couverte des mati\u00e8res utilis\u00e9es. &#8211; Initiation aux diff\u00e9rentes m\u00e9thodes de transfert&#8230;.<\/p>\n<p><a rel=\"bookmark\" class=\"tattoopress-button-text wvc-button wvc-button-size-sm\" href=\"https:\/\/pierre-delaunay.fr\/marty-tatoo\/formation-tatouage-bijou-et-tatouage-du-monde\/\"><small class=\"wvc-button-background-fill\"><\/small><span>continue reading<\/span><\/a><\/p>\n","protected":false},"author":1,"featured_media":0,"parent":0,"menu_order":0,"comment_status":"closed","ping_status":"closed","template":"","meta":{"footnotes":""},"class_list":{"0":"post-697","1":"page","2":"type-page","3":"status-publish","4":"hentry","5":"entry","6":"clearfix","7":"entry-grid","8":"entry-columns-default","9":"entry-page-module-layout-standard","10":"no-post-thumbnail","11":"entry-page","13":"entry-page-grid"},"yoast_head":"<!-- This site is optimized with the Yoast SEO plugin v24.1 - https:\/\/yoast.com\/wordpress\/plugins\/seo\/ -->\n<title>Formation tatouage bijou &amp; tatouage du monde - Marty Tatoo<\/title>\n<meta name=\"robots\" content=\"noindex, follow, max-snippet:-1, max-image-preview:large, max-video-preview:-1\" \/>\n<meta property=\"og:locale\" content=\"fr_FR\" \/>\n<meta property=\"og:type\" content=\"article\" \/>\n<meta property=\"og:title\" content=\"Formation tatouage bijou &amp; tatouage du monde - Marty Tatoo\" \/>\n<meta property=\"og:description\" content=\"[vc_row][vc_column][\/vc_column][\/vc_row][vc_row equal_height=\u00a0\u00bb\u00a0\u00bb font_color=\u00a0\u00bbdark\u00a0\u00bb shift_y=\u00a0\u00bb0&Prime; z_index=\u00a0\u00bb0&Prime;][vc_column width=\u00a0\u00bb2\/3&Prime;][vc_column_text inline_style=\u00a0\u00bbtext-align: justify;margin-top: -2em;\u00a0\u00bb] PROGRAMME Formation TATOUAGE BIJOU paillette, poudre de diamant\u00a9 et flocon de cristal\u00a9 D\u00e9but de la formation 10h30 Le matin, dur\u00e9e 4 heures : &#8211; L\u00e9gislation et connaissance du m\u00e9tier. &#8211; \u00a0\u00a0Familiarisation des outils de travail, d\u00e9couverte des mati\u00e8res utilis\u00e9es. &#8211; Initiation aux diff\u00e9rentes m\u00e9thodes de transfert....continue reading\" \/>\n<meta property=\"og:url\" content=\"https:\/\/pierre-delaunay.fr\/marty-tatoo\/formation-tatouage-bijou-et-tatouage-du-monde\/\" \/>\n<meta property=\"og:site_name\" content=\"Marty Tatoo\" \/>\n<meta property=\"article:publisher\" content=\"https:\/\/fr-fr.facebook.com\/AtelierMartyTatoo\/\" \/>\n<meta property=\"article:modified_time\" content=\"2024-12-16T11:08:07+00:00\" \/>\n<meta name=\"twitter:card\" content=\"summary_large_image\" \/>\n<meta name=\"twitter:label1\" content=\"Dur\u00e9e de lecture estim\u00e9e\" \/>\n\t<meta name=\"twitter:data1\" content=\"3 minutes\" \/>\n<script type=\"application\/ld+json\" class=\"yoast-schema-graph\">{\"@context\":\"https:\/\/schema.org\",\"@graph\":[{\"@type\":\"WebPage\",\"@id\":\"https:\/\/pierre-delaunay.fr\/marty-tatoo\/formation-tatouage-bijou-et-tatouage-du-monde\/\",\"url\":\"https:\/\/pierre-delaunay.fr\/marty-tatoo\/formation-tatouage-bijou-et-tatouage-du-monde\/\",\"name\":\"Formation tatouage bijou & tatouage du monde - Marty Tatoo\",\"isPartOf\":{\"@id\":\"https:\/\/pierre-delaunay.fr\/marty-tatoo\/#website\"},\"datePublished\":\"2018-11-17T14:59:58+00:00\",\"dateModified\":\"2024-12-16T11:08:07+00:00\",\"breadcrumb\":{\"@id\":\"https:\/\/pierre-delaunay.fr\/marty-tatoo\/formation-tatouage-bijou-et-tatouage-du-monde\/#breadcrumb\"},\"inLanguage\":\"fr-FR\",\"potentialAction\":[{\"@type\":\"ReadAction\",\"target\":[\"https:\/\/pierre-delaunay.fr\/marty-tatoo\/formation-tatouage-bijou-et-tatouage-du-monde\/\"]}]},{\"@type\":\"BreadcrumbList\",\"@id\":\"https:\/\/pierre-delaunay.fr\/marty-tatoo\/formation-tatouage-bijou-et-tatouage-du-monde\/#breadcrumb\",\"itemListElement\":[{\"@type\":\"ListItem\",\"position\":1,\"name\":\"Accueil\",\"item\":\"https:\/\/pierre-delaunay.fr\/marty-tatoo\/\"},{\"@type\":\"ListItem\",\"position\":2,\"name\":\"Formation tatouage bijou &#038; tatouage du monde\"}]},{\"@type\":\"WebSite\",\"@id\":\"https:\/\/pierre-delaunay.fr\/marty-tatoo\/#website\",\"url\":\"https:\/\/pierre-delaunay.fr\/marty-tatoo\/\",\"name\":\"Marty Tatoo\",\"description\":\"PARIS\",\"publisher\":{\"@id\":\"https:\/\/pierre-delaunay.fr\/marty-tatoo\/#organization\"},\"potentialAction\":[{\"@type\":\"SearchAction\",\"target\":{\"@type\":\"EntryPoint\",\"urlTemplate\":\"https:\/\/pierre-delaunay.fr\/marty-tatoo\/?s={search_term_string}\"},\"query-input\":{\"@type\":\"PropertyValueSpecification\",\"valueRequired\":true,\"valueName\":\"search_term_string\"}}],\"inLanguage\":\"fr-FR\"},{\"@type\":\"Organization\",\"@id\":\"https:\/\/pierre-delaunay.fr\/marty-tatoo\/#organization\",\"name\":\"Marty Tatoo\",\"url\":\"https:\/\/pierre-delaunay.fr\/marty-tatoo\/\",\"logo\":{\"@type\":\"ImageObject\",\"inLanguage\":\"fr-FR\",\"@id\":\"https:\/\/pierre-delaunay.fr\/marty-tatoo\/#\/schema\/logo\/image\/\",\"url\":\"https:\/\/pierre-delaunay.fr\/marty-tatoo\/wp-content\/uploads\/logo-plien-png.png\",\"contentUrl\":\"https:\/\/pierre-delaunay.fr\/marty-tatoo\/wp-content\/uploads\/logo-plien-png.png\",\"width\":154,\"height\":150,\"caption\":\"Marty Tatoo\"},\"image\":{\"@id\":\"https:\/\/pierre-delaunay.fr\/marty-tatoo\/#\/schema\/logo\/image\/\"},\"sameAs\":[\"https:\/\/fr-fr.facebook.com\/AtelierMartyTatoo\/\",\"https:\/\/www.instagram.com\/martytatoo_officiel\/\"]}]}<\/script>\n<!-- \/ Yoast SEO plugin. -->","yoast_head_json":{"title":"Formation tatouage bijou & tatouage du monde - Marty Tatoo","robots":{"index":"noindex","follow":"follow","max-snippet":"max-snippet:-1","max-image-preview":"max-image-preview:large","max-video-preview":"max-video-preview:-1"},"og_locale":"fr_FR","og_type":"article","og_title":"Formation tatouage bijou & tatouage du monde - Marty Tatoo","og_description":"[vc_row][vc_column][\/vc_column][\/vc_row][vc_row equal_height=\u00a0\u00bb\u00a0\u00bb font_color=\u00a0\u00bbdark\u00a0\u00bb shift_y=\u00a0\u00bb0&Prime; z_index=\u00a0\u00bb0&Prime;][vc_column width=\u00a0\u00bb2\/3&Prime;][vc_column_text inline_style=\u00a0\u00bbtext-align: justify;margin-top: -2em;\u00a0\u00bb] PROGRAMME Formation TATOUAGE BIJOU paillette, poudre de diamant\u00a9 et flocon de cristal\u00a9 D\u00e9but de la formation 10h30 Le matin, dur\u00e9e 4 heures : &#8211; L\u00e9gislation et connaissance du m\u00e9tier. &#8211; \u00a0\u00a0Familiarisation des outils de travail, d\u00e9couverte des mati\u00e8res utilis\u00e9es. &#8211; Initiation aux diff\u00e9rentes m\u00e9thodes de transfert....continue reading","og_url":"https:\/\/pierre-delaunay.fr\/marty-tatoo\/formation-tatouage-bijou-et-tatouage-du-monde\/","og_site_name":"Marty Tatoo","article_publisher":"https:\/\/fr-fr.facebook.com\/AtelierMartyTatoo\/","article_modified_time":"2024-12-16T11:08:07+00:00","twitter_card":"summary_large_image","twitter_misc":{"Dur\u00e9e de lecture estim\u00e9e":"3 minutes"},"schema":{"@context":"https:\/\/schema.org","@graph":[{"@type":"WebPage","@id":"https:\/\/pierre-delaunay.fr\/marty-tatoo\/formation-tatouage-bijou-et-tatouage-du-monde\/","url":"https:\/\/pierre-delaunay.fr\/marty-tatoo\/formation-tatouage-bijou-et-tatouage-du-monde\/","name":"Formation tatouage bijou & tatouage du monde - Marty Tatoo","isPartOf":{"@id":"https:\/\/pierre-delaunay.fr\/marty-tatoo\/#website"},"datePublished":"2018-11-17T14:59:58+00:00","dateModified":"2024-12-16T11:08:07+00:00","breadcrumb":{"@id":"https:\/\/pierre-delaunay.fr\/marty-tatoo\/formation-tatouage-bijou-et-tatouage-du-monde\/#breadcrumb"},"inLanguage":"fr-FR","potentialAction":[{"@type":"ReadAction","target":["https:\/\/pierre-delaunay.fr\/marty-tatoo\/formation-tatouage-bijou-et-tatouage-du-monde\/"]}]},{"@type":"BreadcrumbList","@id":"https:\/\/pierre-delaunay.fr\/marty-tatoo\/formation-tatouage-bijou-et-tatouage-du-monde\/#breadcrumb","itemListElement":[{"@type":"ListItem","position":1,"name":"Accueil","item":"https:\/\/pierre-delaunay.fr\/marty-tatoo\/"},{"@type":"ListItem","position":2,"name":"Formation tatouage bijou &#038; tatouage du monde"}]},{"@type":"WebSite","@id":"https:\/\/pierre-delaunay.fr\/marty-tatoo\/#website","url":"https:\/\/pierre-delaunay.fr\/marty-tatoo\/","name":"Marty Tatoo","description":"PARIS","publisher":{"@id":"https:\/\/pierre-delaunay.fr\/marty-tatoo\/#organization"},"potentialAction":[{"@type":"SearchAction","target":{"@type":"EntryPoint","urlTemplate":"https:\/\/pierre-delaunay.fr\/marty-tatoo\/?s={search_term_string}"},"query-input":{"@type":"PropertyValueSpecification","valueRequired":true,"valueName":"search_term_string"}}],"inLanguage":"fr-FR"},{"@type":"Organization","@id":"https:\/\/pierre-delaunay.fr\/marty-tatoo\/#organization","name":"Marty Tatoo","url":"https:\/\/pierre-delaunay.fr\/marty-tatoo\/","logo":{"@type":"ImageObject","inLanguage":"fr-FR","@id":"https:\/\/pierre-delaunay.fr\/marty-tatoo\/#\/schema\/logo\/image\/","url":"https:\/\/pierre-delaunay.fr\/marty-tatoo\/wp-content\/uploads\/logo-plien-png.png","contentUrl":"https:\/\/pierre-delaunay.fr\/marty-tatoo\/wp-content\/uploads\/logo-plien-png.png","width":154,"height":150,"caption":"Marty Tatoo"},"image":{"@id":"https:\/\/pierre-delaunay.fr\/marty-tatoo\/#\/schema\/logo\/image\/"},"sameAs":["https:\/\/fr-fr.facebook.com\/AtelierMartyTatoo\/","https:\/\/www.instagram.com\/martytatoo_officiel\/"]}]}},"_links":{"self":[{"href":"https:\/\/pierre-delaunay.fr\/marty-tatoo\/wp-json\/wp\/v2\/pages\/697","targetHints":{"allow":["GET"]}}],"collection":[{"href":"https:\/\/pierre-delaunay.fr\/marty-tatoo\/wp-json\/wp\/v2\/pages"}],"about":[{"href":"https:\/\/pierre-delaunay.fr\/marty-tatoo\/wp-json\/wp\/v2\/types\/page"}],"author":[{"embeddable":true,"href":"https:\/\/pierre-delaunay.fr\/marty-tatoo\/wp-json\/wp\/v2\/users\/1"}],"replies":[{"embeddable":true,"href":"https:\/\/pierre-delaunay.fr\/marty-tatoo\/wp-json\/wp\/v2\/comments?post=697"}],"version-history":[{"count":27,"href":"https:\/\/pierre-delaunay.fr\/marty-tatoo\/wp-json\/wp\/v2\/pages\/697\/revisions"}],"predecessor-version":[{"id":24042,"href":"https:\/\/pierre-delaunay.fr\/marty-tatoo\/wp-json\/wp\/v2\/pages\/697\/revisions\/24042"}],"wp:attachment":[{"href":"https:\/\/pierre-delaunay.fr\/marty-tatoo\/wp-json\/wp\/v2\/media?parent=697"}],"curies":[{"name":"wp","href":"https:\/\/api.w.org\/{rel}","templated":true}]}}