{"id":684,"date":"2018-02-26T07:35:16","date_gmt":"2018-02-26T06:35:16","guid":{"rendered":"http:\/\/martytatoo.paris\/?page_id=684"},"modified":"2024-12-16T13:14:34","modified_gmt":"2024-12-16T12:14:34","slug":"evenementiel","status":"publish","type":"page","link":"https:\/\/pierre-delaunay.fr\/marty-tatoo\/evenementiel\/","title":{"rendered":"\u00c9v\u00e9nementiel"},"content":{"rendered":"<div class=\"wpb-content-wrapper\"><p>[vc_row content_width=\u00a0\u00bbfull\u00a0\u00bb][vc_column][rev_slider_vc alias=\u00a0\u00bbevent\u00a0\u00bb el_class=\u00a0\u00bbslider-top-event\u00a0\u00bb][\/vc_column][\/vc_row][vc_row][vc_column][vc_custom_heading text=\u00a0\u00bb16 ann\u00e9es d&rsquo;exp\u00e9rience au service des plus grandes marques !\u00a0\u00bb font_size=\u00a0\u00bb72&Prime; font_weight=\u00a0\u00bb400&Prime; letter_spacing=\u00a0\u00bb0&Prime; tag=\u00a0\u00bbh1&Prime; inline_style=\u00a0\u00bbpadding-top:60px;\u00a0\u00bb el_class=\u00a0\u00bbevent-desc-title\u00a0\u00bb][\/vc_column][\/vc_row][vc_row equal_height=\u00a0\u00bb\u00a0\u00bb font_color=\u00a0\u00bbdark\u00a0\u00bb shift_y=\u00a0\u00bb0&Prime; z_index=\u00a0\u00bb0&Prime;][vc_column width=\u00a0\u00bb2\/3&Prime;][vc_custom_heading text=\u00a0\u00bb\u00c9v\u00e9nementiel\u00a0\u00bb font_size=\u00a0\u00bb72&Prime; font_weight=\u00a0\u00bb700&Prime; letter_spacing=\u00a0\u00bb0&Prime; inline_style=\u00a0\u00bbpadding-top:60px;\u00a0\u00bb el_class=\u00a0\u00bbevent-desc-title\u00a0\u00bb][vc_column_text inline_style=\u00a0\u00bbtext-align: justify;margin-top: -2em;padding-bottom:60px;\u00a0\u00bb]<strong>Quelque soit votre \u00e9v\u00e9nement, nos artistes tatoueurs et tatoueuses en \u00e9ph\u00e9m\u00e8re ont pour mission l\u2019impossible!\u00a0<\/strong><\/p>\n<p>Pour vos prestations, MARTYTATOO s\u2019adapte \u00e0 toutes vos th\u00e9matiques\u00a0 et devient pour la r\u00e9ussite de votre \u00e9v\u00e9nement votre partenaire. Une tr\u00e8s grande vari\u00e9t\u00e9 de mati\u00e8res hypoallerg\u00e9niques\u00a0 aux effets visuels multiples : poudre de diamant\u00a9 , flocon de cristal\u00a9, encre australienne, acrylica relief, tatouage bijou,etc.<br \/>\nTravail \u00e0 main lev\u00e9e experte et freestyle sans pochoir![\/vc_column_text][\/vc_column][vc_column width=\u00a0\u00bb1\/3&Prime;][vc_single_image image=\u00a0\u00bb6821&Prime;][\/vc_column][\/vc_row][vc_row equal_height=\u00a0\u00bb\u00a0\u00bb font_color=\u00a0\u00bbdark\u00a0\u00bb background_type=\u00a0\u00bbimage\u00a0\u00bb background_color=\u00a0\u00bbcustom\u00a0\u00bb background_img_lazyload=\u00a0\u00bb1&Prime; shift_y=\u00a0\u00bb0&Prime; z_index=\u00a0\u00bb0&Prime; background_custom_color=\u00a0\u00bb#f6f6f6&Prime;][vc_column]<section class='holder clearfix holder-3-cols'><div class='holder-element holder-content-media content-dark-font wvc-font-dark' style='background:url(https:\/\/pierre-delaunay.fr\/marty-tatoo\/wp-content\/uploads\/logo_lv.png);background-size: 25%; background-position: center; background-repeat: no-repeat;'><div class=\"holder-element-inner\"><\/div><\/div><div class='holder-element holder-content-media content-dark-font wvc-font-dark' style='background:url(https:\/\/pierre-delaunay.fr\/marty-tatoo\/wp-content\/uploads\/logo_loreal.png);background-size: 25%; background-position: center; background-repeat: no-repeat;'><div class=\"holder-element-inner\"><\/div><\/div><div class='holder-element holder-content-media content-dark-font wvc-font-dark' style='background:url(https:\/\/pierre-delaunay.fr\/marty-tatoo\/wp-content\/uploads\/logo_jpg.png);background-size: 25%; background-position: center; background-repeat: no-repeat;'><div class=\"holder-element-inner\"><\/div><\/div><\/section>[vc_tta_section tab_id=\u00a0\u00bb1528262154707-4d0712b8-f5b3&Prime; title=\u00a0\u00bbPlus de REFERENCES\u00a0\u00bb el_class=\u00a0\u00bbmoreRef\u00a0\u00bb][vc_column_text]Soir\u00e9e pour la boutique VUITTON \u00e0 Zurich (2011) &#8211; Lancement presse pour le parfum \u00ab\u00a0Only The Brave\u00a0\u00bb de DIESEL (2012) &#8211; Lancement presse pour le parfum \u00ab\u00a0Habanita\u00a0\u00bb de MOLINARD (2012) &#8211; Ev\u00e9nement pour la maison GUERLAIN&#8230; Journ\u00e9e presse pr\u00e9sentation de la nouvelle collection DESIGUAL (2012) &#8211; Tourn\u00e9e JEAN-PAUL GAUTIER \/ COCA COLA (2012) &#8211; Soir\u00e9e EMI tatoo blacklight (2012) &#8211; Soir\u00e9e LOUIS VUITTON Paris (2013) &#8211; Soir\u00e9e BERLUTTI (2013) &#8211; Lancement de presse pour la maison MAUBOUSSIN &#8211; Soir\u00e9e GIVENCHY Lilles (2013) &#8211; Les TROIS SUISSES et COEUR de PIRATE (La Cigalle , mai 2013) &#8211; Lancement nouvelle collection SIMONE PERELE (Galeries Lafayette, 2013) &#8211; Soir\u00e9e L&rsquo;OCCITANE (2013) &#8211; Soir\u00e9e MAJE \/ SANDRO \/ Claudie PIERLOT (Mus\u00e9e des Arts Forains, juin 2013) &#8211; L&rsquo;EXPRESS Style (juin 2013) &#8211; Soir\u00e9e L&rsquo;OREAL (Cit\u00e9 du Cin\u00e9ma, juin 2013) &#8211; LANCASTER, lancement de presse pour gamme solaire\u00a0 &#8211; Op\u00e9ration CONVERSE, Boutique courir, Paris, \u00eeles de France (Novembre 2013) &#8211; Soir\u00e9e pour la marque UNDIZ et les SHAKAPUNK (Cit\u00e9 de la mode) &#8211; Salon \u00a0\u00bb premi\u00e8re vision\u00a0\u00bb (D\u00e9cembre 2013) &#8211; TOTAL Outre-mer (D\u00e9cembre 2013) &#8211; Soir\u00e9e coupe du monde du Br\u00e9zil pour COCA COLA (Novembre 2013) &#8211; Soir\u00e9e pour le groupe BAKER &amp; MCKENZIE au restaurant TITTY TWISTER,\u00a0\u00a0\u00a0\u00a0\u00a0 Paris 75008 (Janvier 2013)\u00a0 &#8211; Lancement de presse pour la Maison LANCASTER &#8211; Soir\u00e9e SFR &#8211; PACO RABANNE &#8211; KENZO &#8211; MALBORO\u00a0 (Avril 2015) &#8211; PHILIP MORRIS (Mai 2015) &#8211; PUBLICIS &#8211; NOVOTEL Les Halles &#8211; Hotel MERCURE &#8211; DASSAULT &#8211; UNIVERSAL MUSIC &#8211; Pierre FREY &#8211; MARIONNAUD &#8211; GALERIES LAFAYETTE &#8211; Magasin PRINTEMPS &#8211; C\u00f4t\u00e9 sushis &#8211; Concert de BOOBA (loges VIP), PARIS la D\u00e9fense Arena &#8211; ZADIG&amp;VOLTAIRE &#8211; LANC\u00d4ME &#8211; The WORLD DISNEY COMPAGNY, NAF NAF, ETAM, NETFLIX, etc.[\/vc_column_text][\/vc_tta_section][\/vc_column][\/vc_row][vc_row equal_height=\u00a0\u00bb\u00a0\u00bb font_color=\u00a0\u00bbdark\u00a0\u00bb shift_y=\u00a0\u00bb0&Prime; z_index=\u00a0\u00bb0&Prime;][vc_column][vc_gallery type=\u00a0\u00bbcarousel\u00a0\u00bb img_size=\u00a0\u00bb300&#215;537&Prime; slides_per_view=\u00a0\u00bb4&Prime; hover_effect=\u00a0\u00bbzoomin\u00a0\u00bb inline_style=\u00a0\u00bbmargin-bottom:50px;\u00a0\u00bb images=\u00a0\u00bb9916,9917,9918,6930,6932,6825,5949,5948,9919,9920,1751,1752,1753,1754,1755,1756,1757,1758,1759,1760,1761,1762,1763,1764,2145,2146,2147&Prime;][\/vc_column][\/vc_row]<\/p>\n<\/div>","protected":false},"excerpt":{"rendered":"<p>[vc_row content_width=\u00a0\u00bbfull\u00a0\u00bb][vc_column][rev_slider_vc alias=\u00a0\u00bbevent\u00a0\u00bb el_class=\u00a0\u00bbslider-top-event\u00a0\u00bb][\/vc_column][\/vc_row][vc_row][vc_column][vc_custom_heading text=\u00a0\u00bb16 ann\u00e9es d&rsquo;exp\u00e9rience au service des plus grandes marques !\u00a0\u00bb font_size=\u00a0\u00bb72&Prime; font_weight=\u00a0\u00bb400&Prime; letter_spacing=\u00a0\u00bb0&Prime; tag=\u00a0\u00bbh1&Prime; inline_style=\u00a0\u00bbpadding-top:60px;\u00a0\u00bb el_class=\u00a0\u00bbevent-desc-title\u00a0\u00bb][\/vc_column][\/vc_row][vc_row equal_height=\u00a0\u00bb\u00a0\u00bb font_color=\u00a0\u00bbdark\u00a0\u00bb shift_y=\u00a0\u00bb0&Prime; z_index=\u00a0\u00bb0&Prime;][vc_column width=\u00a0\u00bb2\/3&Prime;][vc_custom_heading text=\u00a0\u00bb\u00c9v\u00e9nementiel\u00a0\u00bb font_size=\u00a0\u00bb72&Prime; font_weight=\u00a0\u00bb700&Prime; letter_spacing=\u00a0\u00bb0&Prime; inline_style=\u00a0\u00bbpadding-top:60px;\u00a0\u00bb el_class=\u00a0\u00bbevent-desc-title\u00a0\u00bb][vc_column_text inline_style=\u00a0\u00bbtext-align: justify;margin-top: -2em;padding-bottom:60px;\u00a0\u00bb]Quelque soit votre \u00e9v\u00e9nement, nos artistes tatoueurs et tatoueuses en \u00e9ph\u00e9m\u00e8re ont pour mission l\u2019impossible!\u00a0 Pour vos prestations, MARTYTATOO s\u2019adapte \u00e0 toutes&#8230;<\/p>\n<p><a rel=\"bookmark\" class=\"tattoopress-button-text wvc-button wvc-button-size-sm\" href=\"https:\/\/pierre-delaunay.fr\/marty-tatoo\/evenementiel\/\"><small class=\"wvc-button-background-fill\"><\/small><span>continue reading<\/span><\/a><\/p>\n","protected":false},"author":1,"featured_media":0,"parent":0,"menu_order":0,"comment_status":"closed","ping_status":"closed","template":"","meta":{"footnotes":""},"class_list":{"0":"post-684","1":"page","2":"type-page","3":"status-publish","4":"hentry","5":"entry","6":"clearfix","7":"entry-grid","8":"entry-columns-default","9":"entry-page-module-layout-standard","10":"no-post-thumbnail","11":"entry-page","13":"entry-page-grid"},"yoast_head":"<!-- This site is optimized with the Yoast SEO plugin v24.1 - https:\/\/yoast.com\/wordpress\/plugins\/seo\/ -->\n<title>\u00c9v\u00e9nementiel - Marty Tatoo<\/title>\n<meta name=\"robots\" content=\"noindex, follow, max-snippet:-1, max-image-preview:large, max-video-preview:-1\" \/>\n<meta property=\"og:locale\" content=\"fr_FR\" \/>\n<meta property=\"og:type\" content=\"article\" \/>\n<meta property=\"og:title\" content=\"\u00c9v\u00e9nementiel - Marty Tatoo\" \/>\n<meta property=\"og:description\" content=\"[vc_row content_width=\u00a0\u00bbfull\u00a0\u00bb][vc_column][rev_slider_vc alias=\u00a0\u00bbevent\u00a0\u00bb el_class=\u00a0\u00bbslider-top-event\u00a0\u00bb][\/vc_column][\/vc_row][vc_row][vc_column][vc_custom_heading text=\u00a0\u00bb16 ann\u00e9es d&rsquo;exp\u00e9rience au service des plus grandes marques !\u00a0\u00bb font_size=\u00a0\u00bb72&Prime; font_weight=\u00a0\u00bb400&Prime; letter_spacing=\u00a0\u00bb0&Prime; tag=\u00a0\u00bbh1&Prime; inline_style=\u00a0\u00bbpadding-top:60px;\u00a0\u00bb el_class=\u00a0\u00bbevent-desc-title\u00a0\u00bb][\/vc_column][\/vc_row][vc_row equal_height=\u00a0\u00bb\u00a0\u00bb font_color=\u00a0\u00bbdark\u00a0\u00bb shift_y=\u00a0\u00bb0&Prime; z_index=\u00a0\u00bb0&Prime;][vc_column width=\u00a0\u00bb2\/3&Prime;][vc_custom_heading text=\u00a0\u00bb\u00c9v\u00e9nementiel\u00a0\u00bb font_size=\u00a0\u00bb72&Prime; font_weight=\u00a0\u00bb700&Prime; letter_spacing=\u00a0\u00bb0&Prime; inline_style=\u00a0\u00bbpadding-top:60px;\u00a0\u00bb el_class=\u00a0\u00bbevent-desc-title\u00a0\u00bb][vc_column_text inline_style=\u00a0\u00bbtext-align: justify;margin-top: -2em;padding-bottom:60px;\u00a0\u00bb]Quelque soit votre \u00e9v\u00e9nement, nos artistes tatoueurs et tatoueuses en \u00e9ph\u00e9m\u00e8re ont pour mission l\u2019impossible!\u00a0 Pour vos prestations, MARTYTATOO s\u2019adapte \u00e0 toutes...continue reading\" \/>\n<meta property=\"og:url\" content=\"https:\/\/pierre-delaunay.fr\/marty-tatoo\/evenementiel\/\" \/>\n<meta property=\"og:site_name\" content=\"Marty Tatoo\" \/>\n<meta property=\"article:publisher\" content=\"https:\/\/fr-fr.facebook.com\/AtelierMartyTatoo\/\" \/>\n<meta property=\"article:modified_time\" content=\"2024-12-16T12:14:34+00:00\" \/>\n<meta name=\"twitter:card\" content=\"summary_large_image\" \/>\n<meta name=\"twitter:label1\" content=\"Dur\u00e9e de lecture estim\u00e9e\" \/>\n\t<meta name=\"twitter:data1\" content=\"3 minutes\" \/>\n<script type=\"application\/ld+json\" class=\"yoast-schema-graph\">{\"@context\":\"https:\/\/schema.org\",\"@graph\":[{\"@type\":\"WebPage\",\"@id\":\"https:\/\/pierre-delaunay.fr\/marty-tatoo\/evenementiel\/\",\"url\":\"https:\/\/pierre-delaunay.fr\/marty-tatoo\/evenementiel\/\",\"name\":\"\u00c9v\u00e9nementiel - Marty Tatoo\",\"isPartOf\":{\"@id\":\"https:\/\/pierre-delaunay.fr\/marty-tatoo\/#website\"},\"datePublished\":\"2018-02-26T06:35:16+00:00\",\"dateModified\":\"2024-12-16T12:14:34+00:00\",\"breadcrumb\":{\"@id\":\"https:\/\/pierre-delaunay.fr\/marty-tatoo\/evenementiel\/#breadcrumb\"},\"inLanguage\":\"fr-FR\",\"potentialAction\":[{\"@type\":\"ReadAction\",\"target\":[\"https:\/\/pierre-delaunay.fr\/marty-tatoo\/evenementiel\/\"]}]},{\"@type\":\"BreadcrumbList\",\"@id\":\"https:\/\/pierre-delaunay.fr\/marty-tatoo\/evenementiel\/#breadcrumb\",\"itemListElement\":[{\"@type\":\"ListItem\",\"position\":1,\"name\":\"Accueil\",\"item\":\"https:\/\/pierre-delaunay.fr\/marty-tatoo\/\"},{\"@type\":\"ListItem\",\"position\":2,\"name\":\"\u00c9v\u00e9nementiel\"}]},{\"@type\":\"WebSite\",\"@id\":\"https:\/\/pierre-delaunay.fr\/marty-tatoo\/#website\",\"url\":\"https:\/\/pierre-delaunay.fr\/marty-tatoo\/\",\"name\":\"Marty Tatoo\",\"description\":\"PARIS\",\"publisher\":{\"@id\":\"https:\/\/pierre-delaunay.fr\/marty-tatoo\/#organization\"},\"potentialAction\":[{\"@type\":\"SearchAction\",\"target\":{\"@type\":\"EntryPoint\",\"urlTemplate\":\"https:\/\/pierre-delaunay.fr\/marty-tatoo\/?s={search_term_string}\"},\"query-input\":{\"@type\":\"PropertyValueSpecification\",\"valueRequired\":true,\"valueName\":\"search_term_string\"}}],\"inLanguage\":\"fr-FR\"},{\"@type\":\"Organization\",\"@id\":\"https:\/\/pierre-delaunay.fr\/marty-tatoo\/#organization\",\"name\":\"Marty Tatoo\",\"url\":\"https:\/\/pierre-delaunay.fr\/marty-tatoo\/\",\"logo\":{\"@type\":\"ImageObject\",\"inLanguage\":\"fr-FR\",\"@id\":\"https:\/\/pierre-delaunay.fr\/marty-tatoo\/#\/schema\/logo\/image\/\",\"url\":\"https:\/\/pierre-delaunay.fr\/marty-tatoo\/wp-content\/uploads\/logo-plien-png.png\",\"contentUrl\":\"https:\/\/pierre-delaunay.fr\/marty-tatoo\/wp-content\/uploads\/logo-plien-png.png\",\"width\":154,\"height\":150,\"caption\":\"Marty Tatoo\"},\"image\":{\"@id\":\"https:\/\/pierre-delaunay.fr\/marty-tatoo\/#\/schema\/logo\/image\/\"},\"sameAs\":[\"https:\/\/fr-fr.facebook.com\/AtelierMartyTatoo\/\",\"https:\/\/www.instagram.com\/martytatoo_officiel\/\"]}]}<\/script>\n<!-- \/ Yoast SEO plugin. -->","yoast_head_json":{"title":"\u00c9v\u00e9nementiel - Marty Tatoo","robots":{"index":"noindex","follow":"follow","max-snippet":"max-snippet:-1","max-image-preview":"max-image-preview:large","max-video-preview":"max-video-preview:-1"},"og_locale":"fr_FR","og_type":"article","og_title":"\u00c9v\u00e9nementiel - Marty Tatoo","og_description":"[vc_row content_width=\u00a0\u00bbfull\u00a0\u00bb][vc_column][rev_slider_vc alias=\u00a0\u00bbevent\u00a0\u00bb el_class=\u00a0\u00bbslider-top-event\u00a0\u00bb][\/vc_column][\/vc_row][vc_row][vc_column][vc_custom_heading text=\u00a0\u00bb16 ann\u00e9es d&rsquo;exp\u00e9rience au service des plus grandes marques !\u00a0\u00bb font_size=\u00a0\u00bb72&Prime; font_weight=\u00a0\u00bb400&Prime; letter_spacing=\u00a0\u00bb0&Prime; tag=\u00a0\u00bbh1&Prime; inline_style=\u00a0\u00bbpadding-top:60px;\u00a0\u00bb el_class=\u00a0\u00bbevent-desc-title\u00a0\u00bb][\/vc_column][\/vc_row][vc_row equal_height=\u00a0\u00bb\u00a0\u00bb font_color=\u00a0\u00bbdark\u00a0\u00bb shift_y=\u00a0\u00bb0&Prime; z_index=\u00a0\u00bb0&Prime;][vc_column width=\u00a0\u00bb2\/3&Prime;][vc_custom_heading text=\u00a0\u00bb\u00c9v\u00e9nementiel\u00a0\u00bb font_size=\u00a0\u00bb72&Prime; font_weight=\u00a0\u00bb700&Prime; letter_spacing=\u00a0\u00bb0&Prime; inline_style=\u00a0\u00bbpadding-top:60px;\u00a0\u00bb el_class=\u00a0\u00bbevent-desc-title\u00a0\u00bb][vc_column_text inline_style=\u00a0\u00bbtext-align: justify;margin-top: -2em;padding-bottom:60px;\u00a0\u00bb]Quelque soit votre \u00e9v\u00e9nement, nos artistes tatoueurs et tatoueuses en \u00e9ph\u00e9m\u00e8re ont pour mission l\u2019impossible!\u00a0 Pour vos prestations, MARTYTATOO s\u2019adapte \u00e0 toutes...continue reading","og_url":"https:\/\/pierre-delaunay.fr\/marty-tatoo\/evenementiel\/","og_site_name":"Marty Tatoo","article_publisher":"https:\/\/fr-fr.facebook.com\/AtelierMartyTatoo\/","article_modified_time":"2024-12-16T12:14:34+00:00","twitter_card":"summary_large_image","twitter_misc":{"Dur\u00e9e de lecture estim\u00e9e":"3 minutes"},"schema":{"@context":"https:\/\/schema.org","@graph":[{"@type":"WebPage","@id":"https:\/\/pierre-delaunay.fr\/marty-tatoo\/evenementiel\/","url":"https:\/\/pierre-delaunay.fr\/marty-tatoo\/evenementiel\/","name":"\u00c9v\u00e9nementiel - Marty Tatoo","isPartOf":{"@id":"https:\/\/pierre-delaunay.fr\/marty-tatoo\/#website"},"datePublished":"2018-02-26T06:35:16+00:00","dateModified":"2024-12-16T12:14:34+00:00","breadcrumb":{"@id":"https:\/\/pierre-delaunay.fr\/marty-tatoo\/evenementiel\/#breadcrumb"},"inLanguage":"fr-FR","potentialAction":[{"@type":"ReadAction","target":["https:\/\/pierre-delaunay.fr\/marty-tatoo\/evenementiel\/"]}]},{"@type":"BreadcrumbList","@id":"https:\/\/pierre-delaunay.fr\/marty-tatoo\/evenementiel\/#breadcrumb","itemListElement":[{"@type":"ListItem","position":1,"name":"Accueil","item":"https:\/\/pierre-delaunay.fr\/marty-tatoo\/"},{"@type":"ListItem","position":2,"name":"\u00c9v\u00e9nementiel"}]},{"@type":"WebSite","@id":"https:\/\/pierre-delaunay.fr\/marty-tatoo\/#website","url":"https:\/\/pierre-delaunay.fr\/marty-tatoo\/","name":"Marty Tatoo","description":"PARIS","publisher":{"@id":"https:\/\/pierre-delaunay.fr\/marty-tatoo\/#organization"},"potentialAction":[{"@type":"SearchAction","target":{"@type":"EntryPoint","urlTemplate":"https:\/\/pierre-delaunay.fr\/marty-tatoo\/?s={search_term_string}"},"query-input":{"@type":"PropertyValueSpecification","valueRequired":true,"valueName":"search_term_string"}}],"inLanguage":"fr-FR"},{"@type":"Organization","@id":"https:\/\/pierre-delaunay.fr\/marty-tatoo\/#organization","name":"Marty Tatoo","url":"https:\/\/pierre-delaunay.fr\/marty-tatoo\/","logo":{"@type":"ImageObject","inLanguage":"fr-FR","@id":"https:\/\/pierre-delaunay.fr\/marty-tatoo\/#\/schema\/logo\/image\/","url":"https:\/\/pierre-delaunay.fr\/marty-tatoo\/wp-content\/uploads\/logo-plien-png.png","contentUrl":"https:\/\/pierre-delaunay.fr\/marty-tatoo\/wp-content\/uploads\/logo-plien-png.png","width":154,"height":150,"caption":"Marty Tatoo"},"image":{"@id":"https:\/\/pierre-delaunay.fr\/marty-tatoo\/#\/schema\/logo\/image\/"},"sameAs":["https:\/\/fr-fr.facebook.com\/AtelierMartyTatoo\/","https:\/\/www.instagram.com\/martytatoo_officiel\/"]}]}},"_links":{"self":[{"href":"https:\/\/pierre-delaunay.fr\/marty-tatoo\/wp-json\/wp\/v2\/pages\/684","targetHints":{"allow":["GET"]}}],"collection":[{"href":"https:\/\/pierre-delaunay.fr\/marty-tatoo\/wp-json\/wp\/v2\/pages"}],"about":[{"href":"https:\/\/pierre-delaunay.fr\/marty-tatoo\/wp-json\/wp\/v2\/types\/page"}],"author":[{"embeddable":true,"href":"https:\/\/pierre-delaunay.fr\/marty-tatoo\/wp-json\/wp\/v2\/users\/1"}],"replies":[{"embeddable":true,"href":"https:\/\/pierre-delaunay.fr\/marty-tatoo\/wp-json\/wp\/v2\/comments?post=684"}],"version-history":[{"count":96,"href":"https:\/\/pierre-delaunay.fr\/marty-tatoo\/wp-json\/wp\/v2\/pages\/684\/revisions"}],"predecessor-version":[{"id":24063,"href":"https:\/\/pierre-delaunay.fr\/marty-tatoo\/wp-json\/wp\/v2\/pages\/684\/revisions\/24063"}],"wp:attachment":[{"href":"https:\/\/pierre-delaunay.fr\/marty-tatoo\/wp-json\/wp\/v2\/media?parent=684"}],"curies":[{"name":"wp","href":"https:\/\/api.w.org\/{rel}","templated":true}]}}