{"id":6010,"date":"2019-07-23T12:36:00","date_gmt":"2019-07-23T10:36:00","guid":{"rendered":"https:\/\/martytatoo.paris\/?page_id=6010"},"modified":"2024-12-17T14:11:06","modified_gmt":"2024-12-17T13:11:06","slug":"dermographie","status":"publish","type":"page","link":"https:\/\/pierre-delaunay.fr\/marty-tatoo\/dermographie\/","title":{"rendered":"Dermographie"},"content":{"rendered":"<div class=\"wpb-content-wrapper\"><p>[vc_row equal_height=\u00a0\u00bb\u00a0\u00bb font_color=\u00a0\u00bbdark\u00a0\u00bb shift_y=\u00a0\u00bb0&Prime; z_index=\u00a0\u00bb0&Prime;][vc_column][vc_column_text]<\/p>\n<h5 style=\"text-align: center;\">Dermographie m\u00e9dicale r\u00e9paratrice<\/h5>\n<p style=\"text-align: justify;\"><strong><span style=\"color: #808080;\">Effacer la trace d&rsquo;une blessure, d&rsquo;une cicatrice ext\u00e9rieure, enfin la solution gr\u00e2ce \u00e0 la dermographie m\u00e9dicale corrective!<\/span><\/strong>\u00a0Reconstruction de mamelons ou ar\u00e9oles apr\u00e8s une chirurgie (suite \u00e0 un cancer), bec de li\u00e8vres, d\u00e9-pigmentation (vitiligo stable) peuvent \u00eatre aid\u00e9s par cette pratique maintenant reconnue depuis bien des ann\u00e9es. Pour les cas de calvitie appel\u00e9e alop\u00e9cie ou pelade, la <a href=\"https:\/\/martytatoo.paris\/actualite\/dermographie-capillaire\/\">dermographie capillaire<\/a> permet de cr\u00e9er l&rsquo;illusion d&rsquo;un cuir chevelu garni avec un aspect tr\u00e8s naturel.<\/p>\n<p style=\"text-align: justify;\"><strong><span style=\"color: #808080;\">Pratique :<\/span>\u00a0<\/strong>Implanter des pigments min\u00e9raux st\u00e9riles \u00e0 usage unique (conforme \u00e0 la l\u00e9gislation europ\u00e9enne) \u00e0 l&rsquo;aide d&rsquo;un dermographe dans la couche superficielle du derme.Tenue 6, 8 \u00e0 10 ans. Retouches conseill\u00e9es.<\/p>\n<p style=\"text-align: justify;\">Prenez par t\u00e9l\u00e9phone un rendez-vous de diagnostique sans engagement avec Marty, dipl\u00f4m\u00e9e d&rsquo;Etat. Devis personnalis\u00e9 apr\u00e8s entretien.<\/p>\n<p>[\/vc_column_text][vc_gallery slides_per_view=\u00a0\u00bb3&Prime; hover_effect=\u00a0\u00bbzoomin\u00a0\u00bb images=\u00a0\u00bb3210,3211,3212,4213,4214,4215&Prime;][\/vc_column][\/vc_row]<\/p>\n<\/div>","protected":false},"excerpt":{"rendered":"<p>[vc_row equal_height=\u00a0\u00bb\u00a0\u00bb font_color=\u00a0\u00bbdark\u00a0\u00bb shift_y=\u00a0\u00bb0&Prime; z_index=\u00a0\u00bb0&Prime;][vc_column][vc_column_text] Dermographie m\u00e9dicale r\u00e9paratrice Effacer la trace d&rsquo;une blessure, d&rsquo;une cicatrice ext\u00e9rieure, enfin la solution gr\u00e2ce \u00e0 la dermographie m\u00e9dicale corrective!\u00a0Reconstruction de mamelons ou ar\u00e9oles apr\u00e8s une chirurgie (suite \u00e0 un cancer), bec de li\u00e8vres, d\u00e9-pigmentation (vitiligo stable) peuvent \u00eatre aid\u00e9s par cette pratique maintenant reconnue depuis bien des ann\u00e9es. Pour&#8230;<\/p>\n<p><a rel=\"bookmark\" class=\"tattoopress-button-text wvc-button wvc-button-size-sm\" href=\"https:\/\/pierre-delaunay.fr\/marty-tatoo\/dermographie\/\"><small class=\"wvc-button-background-fill\"><\/small><span>continue reading<\/span><\/a><\/p>\n","protected":false},"author":3,"featured_media":0,"parent":0,"menu_order":0,"comment_status":"closed","ping_status":"closed","template":"","meta":{"footnotes":""},"class_list":{"0":"post-6010","1":"page","2":"type-page","3":"status-publish","4":"hentry","5":"entry","6":"clearfix","7":"entry-grid","8":"entry-columns-default","9":"entry-page-module-layout-standard","10":"no-post-thumbnail","11":"entry-page","13":"entry-page-grid"},"yoast_head":"<!-- This site is optimized with the Yoast SEO plugin v24.1 - https:\/\/yoast.com\/wordpress\/plugins\/seo\/ -->\n<title>Dermographie - Marty Tatoo<\/title>\n<meta name=\"robots\" content=\"noindex, follow, max-snippet:-1, max-image-preview:large, max-video-preview:-1\" \/>\n<meta property=\"og:locale\" content=\"fr_FR\" \/>\n<meta property=\"og:type\" content=\"article\" \/>\n<meta property=\"og:title\" content=\"Dermographie - Marty Tatoo\" \/>\n<meta property=\"og:description\" content=\"[vc_row equal_height=\u00a0\u00bb\u00a0\u00bb font_color=\u00a0\u00bbdark\u00a0\u00bb shift_y=\u00a0\u00bb0&Prime; z_index=\u00a0\u00bb0&Prime;][vc_column][vc_column_text] Dermographie m\u00e9dicale r\u00e9paratrice Effacer la trace d&rsquo;une blessure, d&rsquo;une cicatrice ext\u00e9rieure, enfin la solution gr\u00e2ce \u00e0 la dermographie m\u00e9dicale corrective!\u00a0Reconstruction de mamelons ou ar\u00e9oles apr\u00e8s une chirurgie (suite \u00e0 un cancer), bec de li\u00e8vres, d\u00e9-pigmentation (vitiligo stable) peuvent \u00eatre aid\u00e9s par cette pratique maintenant reconnue depuis bien des ann\u00e9es. Pour...continue reading\" \/>\n<meta property=\"og:url\" content=\"https:\/\/pierre-delaunay.fr\/marty-tatoo\/dermographie\/\" \/>\n<meta property=\"og:site_name\" content=\"Marty Tatoo\" \/>\n<meta property=\"article:publisher\" content=\"https:\/\/fr-fr.facebook.com\/AtelierMartyTatoo\/\" \/>\n<meta property=\"article:modified_time\" content=\"2024-12-17T13:11:06+00:00\" \/>\n<meta name=\"twitter:card\" content=\"summary_large_image\" \/>\n<meta name=\"twitter:label1\" content=\"Dur\u00e9e de lecture estim\u00e9e\" \/>\n\t<meta name=\"twitter:data1\" content=\"1 minute\" \/>\n<script type=\"application\/ld+json\" class=\"yoast-schema-graph\">{\"@context\":\"https:\/\/schema.org\",\"@graph\":[{\"@type\":\"WebPage\",\"@id\":\"https:\/\/pierre-delaunay.fr\/marty-tatoo\/dermographie\/\",\"url\":\"https:\/\/pierre-delaunay.fr\/marty-tatoo\/dermographie\/\",\"name\":\"Dermographie - Marty Tatoo\",\"isPartOf\":{\"@id\":\"https:\/\/pierre-delaunay.fr\/marty-tatoo\/#website\"},\"datePublished\":\"2019-07-23T10:36:00+00:00\",\"dateModified\":\"2024-12-17T13:11:06+00:00\",\"breadcrumb\":{\"@id\":\"https:\/\/pierre-delaunay.fr\/marty-tatoo\/dermographie\/#breadcrumb\"},\"inLanguage\":\"fr-FR\",\"potentialAction\":[{\"@type\":\"ReadAction\",\"target\":[\"https:\/\/pierre-delaunay.fr\/marty-tatoo\/dermographie\/\"]}]},{\"@type\":\"BreadcrumbList\",\"@id\":\"https:\/\/pierre-delaunay.fr\/marty-tatoo\/dermographie\/#breadcrumb\",\"itemListElement\":[{\"@type\":\"ListItem\",\"position\":1,\"name\":\"Accueil\",\"item\":\"https:\/\/pierre-delaunay.fr\/marty-tatoo\/\"},{\"@type\":\"ListItem\",\"position\":2,\"name\":\"Dermographie\"}]},{\"@type\":\"WebSite\",\"@id\":\"https:\/\/pierre-delaunay.fr\/marty-tatoo\/#website\",\"url\":\"https:\/\/pierre-delaunay.fr\/marty-tatoo\/\",\"name\":\"Marty Tatoo\",\"description\":\"PARIS\",\"publisher\":{\"@id\":\"https:\/\/pierre-delaunay.fr\/marty-tatoo\/#organization\"},\"potentialAction\":[{\"@type\":\"SearchAction\",\"target\":{\"@type\":\"EntryPoint\",\"urlTemplate\":\"https:\/\/pierre-delaunay.fr\/marty-tatoo\/?s={search_term_string}\"},\"query-input\":{\"@type\":\"PropertyValueSpecification\",\"valueRequired\":true,\"valueName\":\"search_term_string\"}}],\"inLanguage\":\"fr-FR\"},{\"@type\":\"Organization\",\"@id\":\"https:\/\/pierre-delaunay.fr\/marty-tatoo\/#organization\",\"name\":\"Marty Tatoo\",\"url\":\"https:\/\/pierre-delaunay.fr\/marty-tatoo\/\",\"logo\":{\"@type\":\"ImageObject\",\"inLanguage\":\"fr-FR\",\"@id\":\"https:\/\/pierre-delaunay.fr\/marty-tatoo\/#\/schema\/logo\/image\/\",\"url\":\"https:\/\/pierre-delaunay.fr\/marty-tatoo\/wp-content\/uploads\/logo-plien-png.png\",\"contentUrl\":\"https:\/\/pierre-delaunay.fr\/marty-tatoo\/wp-content\/uploads\/logo-plien-png.png\",\"width\":154,\"height\":150,\"caption\":\"Marty Tatoo\"},\"image\":{\"@id\":\"https:\/\/pierre-delaunay.fr\/marty-tatoo\/#\/schema\/logo\/image\/\"},\"sameAs\":[\"https:\/\/fr-fr.facebook.com\/AtelierMartyTatoo\/\",\"https:\/\/www.instagram.com\/martytatoo_officiel\/\"]}]}<\/script>\n<!-- \/ Yoast SEO plugin. -->","yoast_head_json":{"title":"Dermographie - Marty Tatoo","robots":{"index":"noindex","follow":"follow","max-snippet":"max-snippet:-1","max-image-preview":"max-image-preview:large","max-video-preview":"max-video-preview:-1"},"og_locale":"fr_FR","og_type":"article","og_title":"Dermographie - Marty Tatoo","og_description":"[vc_row equal_height=\u00a0\u00bb\u00a0\u00bb font_color=\u00a0\u00bbdark\u00a0\u00bb shift_y=\u00a0\u00bb0&Prime; z_index=\u00a0\u00bb0&Prime;][vc_column][vc_column_text] Dermographie m\u00e9dicale r\u00e9paratrice Effacer la trace d&rsquo;une blessure, d&rsquo;une cicatrice ext\u00e9rieure, enfin la solution gr\u00e2ce \u00e0 la dermographie m\u00e9dicale corrective!\u00a0Reconstruction de mamelons ou ar\u00e9oles apr\u00e8s une chirurgie (suite \u00e0 un cancer), bec de li\u00e8vres, d\u00e9-pigmentation (vitiligo stable) peuvent \u00eatre aid\u00e9s par cette pratique maintenant reconnue depuis bien des ann\u00e9es. Pour...continue reading","og_url":"https:\/\/pierre-delaunay.fr\/marty-tatoo\/dermographie\/","og_site_name":"Marty Tatoo","article_publisher":"https:\/\/fr-fr.facebook.com\/AtelierMartyTatoo\/","article_modified_time":"2024-12-17T13:11:06+00:00","twitter_card":"summary_large_image","twitter_misc":{"Dur\u00e9e de lecture estim\u00e9e":"1 minute"},"schema":{"@context":"https:\/\/schema.org","@graph":[{"@type":"WebPage","@id":"https:\/\/pierre-delaunay.fr\/marty-tatoo\/dermographie\/","url":"https:\/\/pierre-delaunay.fr\/marty-tatoo\/dermographie\/","name":"Dermographie - Marty Tatoo","isPartOf":{"@id":"https:\/\/pierre-delaunay.fr\/marty-tatoo\/#website"},"datePublished":"2019-07-23T10:36:00+00:00","dateModified":"2024-12-17T13:11:06+00:00","breadcrumb":{"@id":"https:\/\/pierre-delaunay.fr\/marty-tatoo\/dermographie\/#breadcrumb"},"inLanguage":"fr-FR","potentialAction":[{"@type":"ReadAction","target":["https:\/\/pierre-delaunay.fr\/marty-tatoo\/dermographie\/"]}]},{"@type":"BreadcrumbList","@id":"https:\/\/pierre-delaunay.fr\/marty-tatoo\/dermographie\/#breadcrumb","itemListElement":[{"@type":"ListItem","position":1,"name":"Accueil","item":"https:\/\/pierre-delaunay.fr\/marty-tatoo\/"},{"@type":"ListItem","position":2,"name":"Dermographie"}]},{"@type":"WebSite","@id":"https:\/\/pierre-delaunay.fr\/marty-tatoo\/#website","url":"https:\/\/pierre-delaunay.fr\/marty-tatoo\/","name":"Marty Tatoo","description":"PARIS","publisher":{"@id":"https:\/\/pierre-delaunay.fr\/marty-tatoo\/#organization"},"potentialAction":[{"@type":"SearchAction","target":{"@type":"EntryPoint","urlTemplate":"https:\/\/pierre-delaunay.fr\/marty-tatoo\/?s={search_term_string}"},"query-input":{"@type":"PropertyValueSpecification","valueRequired":true,"valueName":"search_term_string"}}],"inLanguage":"fr-FR"},{"@type":"Organization","@id":"https:\/\/pierre-delaunay.fr\/marty-tatoo\/#organization","name":"Marty Tatoo","url":"https:\/\/pierre-delaunay.fr\/marty-tatoo\/","logo":{"@type":"ImageObject","inLanguage":"fr-FR","@id":"https:\/\/pierre-delaunay.fr\/marty-tatoo\/#\/schema\/logo\/image\/","url":"https:\/\/pierre-delaunay.fr\/marty-tatoo\/wp-content\/uploads\/logo-plien-png.png","contentUrl":"https:\/\/pierre-delaunay.fr\/marty-tatoo\/wp-content\/uploads\/logo-plien-png.png","width":154,"height":150,"caption":"Marty Tatoo"},"image":{"@id":"https:\/\/pierre-delaunay.fr\/marty-tatoo\/#\/schema\/logo\/image\/"},"sameAs":["https:\/\/fr-fr.facebook.com\/AtelierMartyTatoo\/","https:\/\/www.instagram.com\/martytatoo_officiel\/"]}]}},"_links":{"self":[{"href":"https:\/\/pierre-delaunay.fr\/marty-tatoo\/wp-json\/wp\/v2\/pages\/6010","targetHints":{"allow":["GET"]}}],"collection":[{"href":"https:\/\/pierre-delaunay.fr\/marty-tatoo\/wp-json\/wp\/v2\/pages"}],"about":[{"href":"https:\/\/pierre-delaunay.fr\/marty-tatoo\/wp-json\/wp\/v2\/types\/page"}],"author":[{"embeddable":true,"href":"https:\/\/pierre-delaunay.fr\/marty-tatoo\/wp-json\/wp\/v2\/users\/3"}],"replies":[{"embeddable":true,"href":"https:\/\/pierre-delaunay.fr\/marty-tatoo\/wp-json\/wp\/v2\/comments?post=6010"}],"version-history":[{"count":16,"href":"https:\/\/pierre-delaunay.fr\/marty-tatoo\/wp-json\/wp\/v2\/pages\/6010\/revisions"}],"predecessor-version":[{"id":24917,"href":"https:\/\/pierre-delaunay.fr\/marty-tatoo\/wp-json\/wp\/v2\/pages\/6010\/revisions\/24917"}],"wp:attachment":[{"href":"https:\/\/pierre-delaunay.fr\/marty-tatoo\/wp-json\/wp\/v2\/media?parent=6010"}],"curies":[{"name":"wp","href":"https:\/\/api.w.org\/{rel}","templated":true}]}}