{"id":596,"date":"2018-02-25T08:13:47","date_gmt":"2018-02-25T07:13:47","guid":{"rendered":"http:\/\/martytatoo.paris\/?page_id=596"},"modified":"2025-01-20T09:06:24","modified_gmt":"2025-01-20T08:06:24","slug":"tatouage-semi-permanent","status":"publish","type":"page","link":"https:\/\/pierre-delaunay.fr\/marty-tatoo\/tatouage-semi-permanent\/","title":{"rendered":"Tatouage semi-permanent"},"content":{"rendered":"<div class=\"wpb-content-wrapper\"><p>[vc_row][vc_column][vc_custom_heading text=\u00a0\u00bbUN TATOUAGE pour 6\/8 \u00e0 10 ANS\u00a0\u00bb font_size=\u00a0\u00bb72&Prime; font_weight=\u00a0\u00bb400&Prime; letter_spacing=\u00a0\u00bb0&Prime;][\/vc_column][\/vc_row][vc_row equal_height=\u00a0\u00bb\u00a0\u00bb font_color=\u00a0\u00bbdark\u00a0\u00bb shift_y=\u00a0\u00bb0&Prime; z_index=\u00a0\u00bb0&Prime;][vc_column width=\u00a0\u00bb2\/3&Prime;][vc_column_text inline_style=\u00a0\u00bbtext-align: justify;margin-top: -2em;\u00a0\u00bb]<\/p>\n<p style=\"text-align: justify;\"><strong>Propos\u00e9 essentiellement pour les tatouages de petite taille<\/strong><\/p>\n<p style=\"text-align: justify;\">Ce tatouage est une bonne alternative si vous ne souhaitez pas \u00eatre tatou\u00e9 \u00e0 vie mais cette pratique n\u2019est pas non plus sur du court terme. Nous pratiquons le tatouage artistique semi-permanent depuis 16 ans et cette technique donne enti\u00e8re satisfaction \u00e0 notre client\u00e8le tr\u00e8s inform\u00e9e. Avec le temps ce type de tatouage va s\u2019estomper et perdre peu \u00e0 peu sa couleur\u00a0 jusqu\u2019\u00e0 dispara\u00eetre totalement. Cela varie en fonction de plusieurs crit\u00e8res et de vos habitudes personnelles: piscine-chlore, mer-sel, acidit\u00e9 du pH de la peau, cosm\u00e9tologie. Si vous souhaitez le garder&#8230; En moyenne tous les 2 ou 3 ans, vous effectuez une retouche afin de lui redonner de l\u2019\u00e9clat et combler les manques dus au temps.<\/p>\n<p style=\"text-align: justify;\">Si vous souhaitez acc\u00e9l\u00e9rer sa disparition, nous vous proposons des s\u00e9ances de <a href=\"https:\/\/martytatoo.paris\/l-effaceur\/\">d\u00e9tatouage<\/a>.<\/p>\n<p style=\"text-align: justify;\">Un premier rendez-vous sans engagement vous est propos\u00e9 afin de vous donner toutes les informations techniques sur ce type de tatouage. Suite \u00e0 cet entretien personnalis\u00e9, vous pourrez alors vous diriger sur le tatouage d\u00e9finitif ou le semi-permanent selon votre gr\u00e9.<\/p>\n<p style=\"text-align: justify;\"><strong>Tarif :<\/strong> \u00e0 partir de 180\u20ac pour les plus petits mod\u00e8les. Ensuite le prix est d\u00e9termin\u00e9 selon la taille et la particularit\u00e9 du mod\u00e8le. Vous pouvez nous envoyer par mail vos projets en nous indiquant la taille, si vous souhaitez en connaitre le prix.<\/p>\n<p>[\/vc_column_text][vc_empty_space][vc_tta_section tab_id=\u00a0\u00bb1528009078908-60b61b0b-6366&Prime; title=\u00a0\u00bbEn savoir plus\u00a0\u00bb][vc_column_text]<\/p>\n<p style=\"text-align: justify;\">Ce type de tatouage est pratiqu\u00e9 avec la m\u00eame machine et les m\u00eames aiguilles que le tatouage d\u00e9finitif, seul le produit change. Il s\u2019agit de pigments min\u00e9raux micronis\u00e9s et concentr\u00e9s \u00e0 plus de 90% de puret\u00e9 r\u00e9alis\u00e9s \u00e0 partir de colorants min\u00e9raux reconnus non-toxiques et r\u00e9pondant \u00e0 la directive europ\u00e9enne cosm\u00e9tique et alimentaire. Ces pigments sont stables, leur puret\u00e9 est contr\u00f4l\u00e9e. Ce sont des suspensions et non des solutions. Ils sont inertes: gr\u00e2ce \u00e0 ces caract\u00e9ristiques, ces pigments ne fusent pas dans les couches profondes de la peau. Ces pigments min\u00e9raux sont utilis\u00e9s depuis 30 ans en Europe en esth\u00e9tique pour le maquillage permanent (sourcils, eye-liner, mouche, etc) ou en dermographie m\u00e9dicale (ar\u00e9ole mammaire, recouvrement de cicatrice). Notre choix s\u2019est port\u00e9 depuis 16 ans sur cette qualit\u00e9 de pigment car ils sont tr\u00e8s stables et non dilu\u00e9s, fabriqu\u00e9s \u00e0 Paris et certifi\u00e9s ISIO, ce qui nous permet d\u2019obtenir un r\u00e9sultat tr\u00e8s proche du tatouage d\u00e9finitif. Nous nous sommes refus\u00e9s d\u2019acheter des pigments bas de gamme sans tra\u00e7abilit\u00e9, \u00e0 moindre co\u00fbt et de surcro\u00eet, tr\u00e8s dilu\u00e9s. Nous ne pratiquons pas de tatouage semi-permanent de couleur, seulement en noir. Nous nous engageons \u00e0 fournir des produits qui respectent\u00a0 les exigences r\u00e8glementaires, l\u00e9gales et environnementales.<\/p>\n<p>[\/vc_column_text][\/vc_tta_section][\/vc_column][vc_column width=\u00a0\u00bb1\/3&Prime;][vc_single_image image=\u00a0\u00bb982&Prime; onclick=\u00a0\u00bblightbox\u00a0\u00bb full_size=\u00a0\u00bb1&Prime;]<section class='pricing-tables clearfix pricing-tables-2-cols' ><div class='pricing-table-inner' style='margin : 0;'><ul><li class=\"pricing-table-title-cell\"><h3 class='pricing-table-title'>A partir de<\/h3><\/li><li class=\"pricing-table-main-content\"><span class='pricing-table-price'>240\u20ac<\/span><\/li>\n<ul>\n<li>Une retouche 4 semaines apr\u00e8s est conseill\u00e9e.\u00a0Tarif : \u00e0 partir de 60\u20ac<\/li>\n<\/ul>\n<li class=\"pricing-table-button\"><a href='http:\/\/martytatoo.paris\/contact\/' target=''>Prendre rendez-vous<\/a><\/li><\/ul><\/div><\/section>[\/vc_column][\/vc_row][vc_row equal_height=\u00a0\u00bb\u00a0\u00bb font_color=\u00a0\u00bbdark\u00a0\u00bb shift_y=\u00a0\u00bb0&Prime; z_index=\u00a0\u00bb0&Prime;][vc_column][vc_gallery type=\u00a0\u00bbcarousel\u00a0\u00bb img_size=\u00a0\u00bb300&#215;537&Prime; slides_per_view=\u00a0\u00bb4&Prime; hover_effect=\u00a0\u00bbzoomin\u00a0\u00bb images=\u00a0\u00bb4250,4264,8436,5135,8437,8439,4208,8438,2620,4210,8853,3592,2619,2650,2618,982,2626,2627,2624,2628,2629,2954,5134&Prime;][\/vc_column][\/vc_row]<\/p>\n<\/div>","protected":false},"excerpt":{"rendered":"<p>[vc_row][vc_column][vc_custom_heading text=\u00a0\u00bbUN TATOUAGE pour 6\/8 \u00e0 10 ANS\u00a0\u00bb font_size=\u00a0\u00bb72&Prime; font_weight=\u00a0\u00bb400&Prime; letter_spacing=\u00a0\u00bb0&Prime;][\/vc_column][\/vc_row][vc_row equal_height=\u00a0\u00bb\u00a0\u00bb font_color=\u00a0\u00bbdark\u00a0\u00bb shift_y=\u00a0\u00bb0&Prime; z_index=\u00a0\u00bb0&Prime;][vc_column width=\u00a0\u00bb2\/3&Prime;][vc_column_text inline_style=\u00a0\u00bbtext-align: justify;margin-top: -2em;\u00a0\u00bb] Propos\u00e9 essentiellement pour les tatouages de petite taille Ce tatouage est une bonne alternative si vous ne souhaitez pas \u00eatre tatou\u00e9 \u00e0 vie mais cette pratique n\u2019est pas non plus sur du court terme. Nous pratiquons&#8230;<\/p>\n<p><a rel=\"bookmark\" class=\"tattoopress-button-text wvc-button wvc-button-size-sm\" href=\"https:\/\/pierre-delaunay.fr\/marty-tatoo\/tatouage-semi-permanent\/\"><small class=\"wvc-button-background-fill\"><\/small><span>continue reading<\/span><\/a><\/p>\n","protected":false},"author":1,"featured_media":0,"parent":0,"menu_order":0,"comment_status":"closed","ping_status":"closed","template":"","meta":{"footnotes":""},"class_list":{"0":"post-596","1":"page","2":"type-page","3":"status-publish","4":"hentry","5":"entry","6":"clearfix","7":"entry-grid","8":"entry-columns-default","9":"entry-page-module-layout-standard","10":"no-post-thumbnail","11":"entry-page","13":"entry-page-grid"},"yoast_head":"<!-- This site is optimized with the Yoast SEO plugin v24.1 - https:\/\/yoast.com\/wordpress\/plugins\/seo\/ -->\n<title>Tatouage semi-permanent - Marty Tatoo<\/title>\n<meta name=\"robots\" content=\"noindex, follow, max-snippet:-1, max-image-preview:large, max-video-preview:-1\" \/>\n<meta property=\"og:locale\" content=\"fr_FR\" \/>\n<meta property=\"og:type\" content=\"article\" \/>\n<meta property=\"og:title\" content=\"Tatouage semi-permanent - Marty Tatoo\" \/>\n<meta property=\"og:description\" content=\"[vc_row][vc_column][vc_custom_heading text=\u00a0\u00bbUN TATOUAGE pour 6\/8 \u00e0 10 ANS\u00a0\u00bb font_size=\u00a0\u00bb72&Prime; font_weight=\u00a0\u00bb400&Prime; letter_spacing=\u00a0\u00bb0&Prime;][\/vc_column][\/vc_row][vc_row equal_height=\u00a0\u00bb\u00a0\u00bb font_color=\u00a0\u00bbdark\u00a0\u00bb shift_y=\u00a0\u00bb0&Prime; z_index=\u00a0\u00bb0&Prime;][vc_column width=\u00a0\u00bb2\/3&Prime;][vc_column_text inline_style=\u00a0\u00bbtext-align: justify;margin-top: -2em;\u00a0\u00bb] Propos\u00e9 essentiellement pour les tatouages de petite taille Ce tatouage est une bonne alternative si vous ne souhaitez pas \u00eatre tatou\u00e9 \u00e0 vie mais cette pratique n\u2019est pas non plus sur du court terme. Nous pratiquons...continue reading\" \/>\n<meta property=\"og:url\" content=\"https:\/\/pierre-delaunay.fr\/marty-tatoo\/tatouage-semi-permanent\/\" \/>\n<meta property=\"og:site_name\" content=\"Marty Tatoo\" \/>\n<meta property=\"article:publisher\" content=\"https:\/\/fr-fr.facebook.com\/AtelierMartyTatoo\/\" \/>\n<meta property=\"article:modified_time\" content=\"2025-01-20T08:06:24+00:00\" \/>\n<meta name=\"twitter:card\" content=\"summary_large_image\" \/>\n<meta name=\"twitter:label1\" content=\"Dur\u00e9e de lecture estim\u00e9e\" \/>\n\t<meta name=\"twitter:data1\" content=\"3 minutes\" \/>\n<script type=\"application\/ld+json\" class=\"yoast-schema-graph\">{\"@context\":\"https:\/\/schema.org\",\"@graph\":[{\"@type\":\"WebPage\",\"@id\":\"https:\/\/pierre-delaunay.fr\/marty-tatoo\/tatouage-semi-permanent\/\",\"url\":\"https:\/\/pierre-delaunay.fr\/marty-tatoo\/tatouage-semi-permanent\/\",\"name\":\"Tatouage semi-permanent - Marty Tatoo\",\"isPartOf\":{\"@id\":\"https:\/\/pierre-delaunay.fr\/marty-tatoo\/#website\"},\"datePublished\":\"2018-02-25T07:13:47+00:00\",\"dateModified\":\"2025-01-20T08:06:24+00:00\",\"breadcrumb\":{\"@id\":\"https:\/\/pierre-delaunay.fr\/marty-tatoo\/tatouage-semi-permanent\/#breadcrumb\"},\"inLanguage\":\"fr-FR\",\"potentialAction\":[{\"@type\":\"ReadAction\",\"target\":[\"https:\/\/pierre-delaunay.fr\/marty-tatoo\/tatouage-semi-permanent\/\"]}]},{\"@type\":\"BreadcrumbList\",\"@id\":\"https:\/\/pierre-delaunay.fr\/marty-tatoo\/tatouage-semi-permanent\/#breadcrumb\",\"itemListElement\":[{\"@type\":\"ListItem\",\"position\":1,\"name\":\"Accueil\",\"item\":\"https:\/\/pierre-delaunay.fr\/marty-tatoo\/\"},{\"@type\":\"ListItem\",\"position\":2,\"name\":\"Tatouage semi-permanent\"}]},{\"@type\":\"WebSite\",\"@id\":\"https:\/\/pierre-delaunay.fr\/marty-tatoo\/#website\",\"url\":\"https:\/\/pierre-delaunay.fr\/marty-tatoo\/\",\"name\":\"Marty Tatoo\",\"description\":\"PARIS\",\"publisher\":{\"@id\":\"https:\/\/pierre-delaunay.fr\/marty-tatoo\/#organization\"},\"potentialAction\":[{\"@type\":\"SearchAction\",\"target\":{\"@type\":\"EntryPoint\",\"urlTemplate\":\"https:\/\/pierre-delaunay.fr\/marty-tatoo\/?s={search_term_string}\"},\"query-input\":{\"@type\":\"PropertyValueSpecification\",\"valueRequired\":true,\"valueName\":\"search_term_string\"}}],\"inLanguage\":\"fr-FR\"},{\"@type\":\"Organization\",\"@id\":\"https:\/\/pierre-delaunay.fr\/marty-tatoo\/#organization\",\"name\":\"Marty Tatoo\",\"url\":\"https:\/\/pierre-delaunay.fr\/marty-tatoo\/\",\"logo\":{\"@type\":\"ImageObject\",\"inLanguage\":\"fr-FR\",\"@id\":\"https:\/\/pierre-delaunay.fr\/marty-tatoo\/#\/schema\/logo\/image\/\",\"url\":\"https:\/\/pierre-delaunay.fr\/marty-tatoo\/wp-content\/uploads\/logo-plien-png.png\",\"contentUrl\":\"https:\/\/pierre-delaunay.fr\/marty-tatoo\/wp-content\/uploads\/logo-plien-png.png\",\"width\":154,\"height\":150,\"caption\":\"Marty Tatoo\"},\"image\":{\"@id\":\"https:\/\/pierre-delaunay.fr\/marty-tatoo\/#\/schema\/logo\/image\/\"},\"sameAs\":[\"https:\/\/fr-fr.facebook.com\/AtelierMartyTatoo\/\",\"https:\/\/www.instagram.com\/martytatoo_officiel\/\"]}]}<\/script>\n<!-- \/ Yoast SEO plugin. -->","yoast_head_json":{"title":"Tatouage semi-permanent - Marty Tatoo","robots":{"index":"noindex","follow":"follow","max-snippet":"max-snippet:-1","max-image-preview":"max-image-preview:large","max-video-preview":"max-video-preview:-1"},"og_locale":"fr_FR","og_type":"article","og_title":"Tatouage semi-permanent - Marty Tatoo","og_description":"[vc_row][vc_column][vc_custom_heading text=\u00a0\u00bbUN TATOUAGE pour 6\/8 \u00e0 10 ANS\u00a0\u00bb font_size=\u00a0\u00bb72&Prime; font_weight=\u00a0\u00bb400&Prime; letter_spacing=\u00a0\u00bb0&Prime;][\/vc_column][\/vc_row][vc_row equal_height=\u00a0\u00bb\u00a0\u00bb font_color=\u00a0\u00bbdark\u00a0\u00bb shift_y=\u00a0\u00bb0&Prime; z_index=\u00a0\u00bb0&Prime;][vc_column width=\u00a0\u00bb2\/3&Prime;][vc_column_text inline_style=\u00a0\u00bbtext-align: justify;margin-top: -2em;\u00a0\u00bb] Propos\u00e9 essentiellement pour les tatouages de petite taille Ce tatouage est une bonne alternative si vous ne souhaitez pas \u00eatre tatou\u00e9 \u00e0 vie mais cette pratique n\u2019est pas non plus sur du court terme. Nous pratiquons...continue reading","og_url":"https:\/\/pierre-delaunay.fr\/marty-tatoo\/tatouage-semi-permanent\/","og_site_name":"Marty Tatoo","article_publisher":"https:\/\/fr-fr.facebook.com\/AtelierMartyTatoo\/","article_modified_time":"2025-01-20T08:06:24+00:00","twitter_card":"summary_large_image","twitter_misc":{"Dur\u00e9e de lecture estim\u00e9e":"3 minutes"},"schema":{"@context":"https:\/\/schema.org","@graph":[{"@type":"WebPage","@id":"https:\/\/pierre-delaunay.fr\/marty-tatoo\/tatouage-semi-permanent\/","url":"https:\/\/pierre-delaunay.fr\/marty-tatoo\/tatouage-semi-permanent\/","name":"Tatouage semi-permanent - Marty Tatoo","isPartOf":{"@id":"https:\/\/pierre-delaunay.fr\/marty-tatoo\/#website"},"datePublished":"2018-02-25T07:13:47+00:00","dateModified":"2025-01-20T08:06:24+00:00","breadcrumb":{"@id":"https:\/\/pierre-delaunay.fr\/marty-tatoo\/tatouage-semi-permanent\/#breadcrumb"},"inLanguage":"fr-FR","potentialAction":[{"@type":"ReadAction","target":["https:\/\/pierre-delaunay.fr\/marty-tatoo\/tatouage-semi-permanent\/"]}]},{"@type":"BreadcrumbList","@id":"https:\/\/pierre-delaunay.fr\/marty-tatoo\/tatouage-semi-permanent\/#breadcrumb","itemListElement":[{"@type":"ListItem","position":1,"name":"Accueil","item":"https:\/\/pierre-delaunay.fr\/marty-tatoo\/"},{"@type":"ListItem","position":2,"name":"Tatouage semi-permanent"}]},{"@type":"WebSite","@id":"https:\/\/pierre-delaunay.fr\/marty-tatoo\/#website","url":"https:\/\/pierre-delaunay.fr\/marty-tatoo\/","name":"Marty Tatoo","description":"PARIS","publisher":{"@id":"https:\/\/pierre-delaunay.fr\/marty-tatoo\/#organization"},"potentialAction":[{"@type":"SearchAction","target":{"@type":"EntryPoint","urlTemplate":"https:\/\/pierre-delaunay.fr\/marty-tatoo\/?s={search_term_string}"},"query-input":{"@type":"PropertyValueSpecification","valueRequired":true,"valueName":"search_term_string"}}],"inLanguage":"fr-FR"},{"@type":"Organization","@id":"https:\/\/pierre-delaunay.fr\/marty-tatoo\/#organization","name":"Marty Tatoo","url":"https:\/\/pierre-delaunay.fr\/marty-tatoo\/","logo":{"@type":"ImageObject","inLanguage":"fr-FR","@id":"https:\/\/pierre-delaunay.fr\/marty-tatoo\/#\/schema\/logo\/image\/","url":"https:\/\/pierre-delaunay.fr\/marty-tatoo\/wp-content\/uploads\/logo-plien-png.png","contentUrl":"https:\/\/pierre-delaunay.fr\/marty-tatoo\/wp-content\/uploads\/logo-plien-png.png","width":154,"height":150,"caption":"Marty Tatoo"},"image":{"@id":"https:\/\/pierre-delaunay.fr\/marty-tatoo\/#\/schema\/logo\/image\/"},"sameAs":["https:\/\/fr-fr.facebook.com\/AtelierMartyTatoo\/","https:\/\/www.instagram.com\/martytatoo_officiel\/"]}]}},"_links":{"self":[{"href":"https:\/\/pierre-delaunay.fr\/marty-tatoo\/wp-json\/wp\/v2\/pages\/596","targetHints":{"allow":["GET"]}}],"collection":[{"href":"https:\/\/pierre-delaunay.fr\/marty-tatoo\/wp-json\/wp\/v2\/pages"}],"about":[{"href":"https:\/\/pierre-delaunay.fr\/marty-tatoo\/wp-json\/wp\/v2\/types\/page"}],"author":[{"embeddable":true,"href":"https:\/\/pierre-delaunay.fr\/marty-tatoo\/wp-json\/wp\/v2\/users\/1"}],"replies":[{"embeddable":true,"href":"https:\/\/pierre-delaunay.fr\/marty-tatoo\/wp-json\/wp\/v2\/comments?post=596"}],"version-history":[{"count":7,"href":"https:\/\/pierre-delaunay.fr\/marty-tatoo\/wp-json\/wp\/v2\/pages\/596\/revisions"}],"predecessor-version":[{"id":25144,"href":"https:\/\/pierre-delaunay.fr\/marty-tatoo\/wp-json\/wp\/v2\/pages\/596\/revisions\/25144"}],"wp:attachment":[{"href":"https:\/\/pierre-delaunay.fr\/marty-tatoo\/wp-json\/wp\/v2\/media?parent=596"}],"curies":[{"name":"wp","href":"https:\/\/api.w.org\/{rel}","templated":true}]}}