{"id":24902,"date":"2024-12-17T13:52:52","date_gmt":"2024-12-17T12:52:52","guid":{"rendered":"https:\/\/pierre-delaunay.fr\/marty-tatoo\/?page_id=24902"},"modified":"2025-01-03T11:29:33","modified_gmt":"2025-01-03T10:29:33","slug":"stickers-personnalises-paris-ideal-pour-les-professionnels-et-les-particuliers","status":"publish","type":"page","link":"https:\/\/pierre-delaunay.fr\/marty-tatoo\/stickers-personnalises-paris-ideal-pour-les-professionnels-et-les-particuliers\/","title":{"rendered":"Nouveau ! STICKERS TATOO pour particuliers et professionnels"},"content":{"rendered":"<div class=\"wpb-content-wrapper\"><p>[vc_row equal_height=\u00a0\u00bb\u00a0\u00bb font_color=\u00a0\u00bbdark\u00a0\u00bb shift_y=\u00a0\u00bb0&Prime; z_index=\u00a0\u00bb0&Prime;][vc_column][vc_custom_heading text=\u00a0\u00bbNOUVEAUTE !!! Venez tester nos STICKERS TATOO, effet vrai tatouage en noir et blanc ou en couleur&#8230;\u00a0\u00bb font_size=\u00a0\u00bb32&Prime;][vc_column_text]Nouveau ! STICKERS TATOO pour particuliers et professionnels. Fort de nos 21 ans d&rsquo;exp\u00e9riences dans le domaine du tatouage \u00e9ph\u00e9m\u00e8re en \u00e9v\u00e9nementiel : Cin\u00e9ma, pub et sponsoring,&#8230; Le STICKER&rsquo;S MARTYTATOO, personnalis\u00e9, saura vous offrir de nouvelles opportunit\u00e9s de communication et s&rsquo;adapter \u00e0 tous vos diff\u00e9rents \u00e9v\u00e8nements. Le STICKER&rsquo;S MARTYTATOO s&rsquo;adresse aussi aux particuliers: Anniversaire, EVJF, mariage, \u00e9v\u00e9nement sportif, etc.<\/p>\n<p>*Soit vous poss\u00e9dez d\u00e9j\u00e0 votre mod\u00e8le en bonne d\u00e9finition (300<a href=\"https:\/\/fr.wikipedia.org\/wiki\/Point_par_pouce\">DPI<\/a>)<\/p>\n<p>*Soit vous commandez une r\u00e9alisation personnalis\u00e9e aupr\u00e8s de nos artistes.<\/p>\n<p>Un seul d\u00e9placement vous sera n\u00e9cessaire pour \u00e9changer avec nos tatoueurs. Une fois votre dessin valid\u00e9, rapidit\u00e9, efficacit\u00e9 seront notre challenge..! O\u00f9 que vous soyez, en Europe..!<\/p>\n<p><span style=\"font-family: Roboto;\">STICKERS TATOO R\u00c9ALIS\u00c9S A LA DEMANDE PAR NOS ARTISTES TATOUEUR.SE.S.<\/span><\/p>\n<p>Nouveau ! STICKERS TATOO pour particuliers et professionnels. <a href=\"https:\/\/pierre-delaunay.fr\/marty-tatoo\/actualite\/nouveaute-stickers-martytatoo-personnalises\/\">Lire l&rsquo;article<\/a> de blog sur les nouveaux stickers pour particuliers et professionnels ![\/vc_column_text][\/vc_column][\/vc_row][vc_row equal_height=\u00a0\u00bb\u00a0\u00bb font_color=\u00a0\u00bbdark\u00a0\u00bb shift_y=\u00a0\u00bb0&Prime; z_index=\u00a0\u00bb0&Prime;][vc_column][vc_gallery slides_per_view=\u00a0\u00bb4&Prime; images=\u00a0\u00bb24903,24905,24907,24909&Prime;][\/vc_column][\/vc_row][vc_row][vc_column][wvc_process_container help=\u00a0\u00bb\u00a0\u00bb][wvc_process_item i_icon_fontawesome=\u00a0\u00bbfar fa-lightbulb\u00a0\u00bb title=\u00a0\u00bbId\u00e9e\u00a0\u00bb text=\u00a0\u00bbPellentesque habitant morbi tristique senectus et netus et malesuada fames ac turpis egestas. Vestibulum tortor quam, feugiat vitae, ultricies eget, tempor sit amet, ante.\u00a0\u00bb][wvc_process_item i_icon_fontawesome=\u00a0\u00bbfar fa-sticky-note\u00a0\u00bb title=\u00a0\u00bbPlanifiez\u00a0\u00bb text=\u00a0\u00bbPellentesque habitant morbi tristique senectus et netus et malesuada fames ac turpis egestas. Vestibulum tortor quam, feugiat vitae, ultricies eget, tempor sit amet, ante.\u00a0\u00bb][wvc_process_item i_icon_fontawesome=\u00a0\u00bbfas fa-pencil-alt\u00a0\u00bb title=\u00a0\u00bbDesignez\u00a0\u00bb text=\u00a0\u00bbPellentesque habitant morbi tristique senectus et netus et malesuada fames ac turpis egestas. Vestibulum tortor quam, feugiat vitae, ultricies eget, tempor sit amet, ante.\u00a0\u00bb][wvc_process_item i_icon_fontawesome=\u00a0\u00bbfas fa-truck\u00a0\u00bb title=\u00a0\u00bbCommandez\u00a0\u00bb text=\u00a0\u00bbPellentesque habitant morbi tristique senectus et netus et malesuada fames ac turpis egestas. Vestibulum tortor quam, feugiat vitae, ultricies eget, tempor sit amet, ante.\u00a0\u00bb][\/wvc_process_container][vc_cta txt_align=\u00a0\u00bbcenter\u00a0\u00bb h2=\u00a0\u00bb\u00a0\u00bb font_size=\u00a0\u00bb22&Prime; btn_title=\u00a0\u00bbJ&rsquo;en veux !\u00a0\u00bb btn_font_weight=\u00a0\u00bb700&Prime; btn_link=\u00a0\u00bburl:https%3A%2F%2Fpierre-delaunay.fr%2Fmarty-tatoo%2Fcontact%2F|title:Contact\u00a0\u00bb][\/vc_column][\/vc_row]<\/p>\n<\/div>","protected":false},"excerpt":{"rendered":"<p>[vc_row equal_height=\u00a0\u00bb\u00a0\u00bb font_color=\u00a0\u00bbdark\u00a0\u00bb shift_y=\u00a0\u00bb0&Prime; z_index=\u00a0\u00bb0&Prime;][vc_column][vc_custom_heading text=\u00a0\u00bbNOUVEAUTE !!! Venez tester nos STICKERS TATOO, effet vrai tatouage en noir et blanc ou en couleur&#8230;\u00a0\u00bb font_size=\u00a0\u00bb32&Prime;][vc_column_text]Nouveau ! STICKERS TATOO pour particuliers et professionnels. Fort de nos 21 ans d&rsquo;exp\u00e9riences dans le domaine du tatouage \u00e9ph\u00e9m\u00e8re en \u00e9v\u00e9nementiel : Cin\u00e9ma, pub et sponsoring,&#8230; Le STICKER&rsquo;S MARTYTATOO, personnalis\u00e9, saura vous&#8230;<\/p>\n<p><a rel=\"bookmark\" class=\"tattoopress-button-text wvc-button wvc-button-size-sm\" href=\"https:\/\/pierre-delaunay.fr\/marty-tatoo\/stickers-personnalises-paris-ideal-pour-les-professionnels-et-les-particuliers\/\"><small class=\"wvc-button-background-fill\"><\/small><span>continue reading<\/span><\/a><\/p>\n","protected":false},"author":1,"featured_media":0,"parent":0,"menu_order":0,"comment_status":"closed","ping_status":"closed","template":"","meta":{"footnotes":""},"class_list":{"0":"post-24902","1":"page","2":"type-page","3":"status-publish","4":"hentry","5":"entry","6":"clearfix","7":"entry-grid","8":"entry-columns-default","9":"entry-page-module-layout-standard","10":"no-post-thumbnail","11":"entry-page","13":"entry-page-grid"},"yoast_head":"<!-- This site is optimized with the Yoast SEO plugin v24.1 - https:\/\/yoast.com\/wordpress\/plugins\/seo\/ -->\n<title>Nouveau ! STICKERS TATOO pour particuliers et professionnels - Marty Tatoo<\/title>\n<meta name=\"description\" content=\"Cr\u00e9ez des stickers uniques pour votre entreprise ou votre \u00e9v\u00e9nement. Id\u00e9al pour la publicit\u00e9, le cin\u00e9ma, les anniversaires et plus encore.\" \/>\n<meta name=\"robots\" content=\"noindex, follow, max-snippet:-1, max-image-preview:large, max-video-preview:-1\" \/>\n<meta property=\"og:locale\" content=\"fr_FR\" \/>\n<meta property=\"og:type\" content=\"article\" \/>\n<meta property=\"og:title\" content=\"Nouveau ! STICKERS TATOO pour particuliers et professionnels - Marty Tatoo\" \/>\n<meta property=\"og:description\" content=\"Cr\u00e9ez des stickers uniques pour votre entreprise ou votre \u00e9v\u00e9nement. Id\u00e9al pour la publicit\u00e9, le cin\u00e9ma, les anniversaires et plus encore.\" \/>\n<meta property=\"og:url\" content=\"https:\/\/pierre-delaunay.fr\/marty-tatoo\/stickers-personnalises-paris-ideal-pour-les-professionnels-et-les-particuliers\/\" \/>\n<meta property=\"og:site_name\" content=\"Marty Tatoo\" \/>\n<meta property=\"article:publisher\" content=\"https:\/\/fr-fr.facebook.com\/AtelierMartyTatoo\/\" \/>\n<meta property=\"article:modified_time\" content=\"2025-01-03T10:29:33+00:00\" \/>\n<meta name=\"twitter:card\" content=\"summary_large_image\" \/>\n<meta name=\"twitter:label1\" content=\"Dur\u00e9e de lecture estim\u00e9e\" \/>\n\t<meta name=\"twitter:data1\" content=\"3 minutes\" \/>\n<script type=\"application\/ld+json\" class=\"yoast-schema-graph\">{\"@context\":\"https:\/\/schema.org\",\"@graph\":[{\"@type\":\"WebPage\",\"@id\":\"https:\/\/pierre-delaunay.fr\/marty-tatoo\/stickers-personnalises-paris-ideal-pour-les-professionnels-et-les-particuliers\/\",\"url\":\"https:\/\/pierre-delaunay.fr\/marty-tatoo\/stickers-personnalises-paris-ideal-pour-les-professionnels-et-les-particuliers\/\",\"name\":\"Nouveau ! STICKERS TATOO pour particuliers et professionnels - Marty Tatoo\",\"isPartOf\":{\"@id\":\"https:\/\/pierre-delaunay.fr\/marty-tatoo\/#website\"},\"datePublished\":\"2024-12-17T12:52:52+00:00\",\"dateModified\":\"2025-01-03T10:29:33+00:00\",\"description\":\"Cr\u00e9ez des stickers uniques pour votre entreprise ou votre \u00e9v\u00e9nement. Id\u00e9al pour la publicit\u00e9, le cin\u00e9ma, les anniversaires et plus encore.\",\"breadcrumb\":{\"@id\":\"https:\/\/pierre-delaunay.fr\/marty-tatoo\/stickers-personnalises-paris-ideal-pour-les-professionnels-et-les-particuliers\/#breadcrumb\"},\"inLanguage\":\"fr-FR\",\"potentialAction\":[{\"@type\":\"ReadAction\",\"target\":[\"https:\/\/pierre-delaunay.fr\/marty-tatoo\/stickers-personnalises-paris-ideal-pour-les-professionnels-et-les-particuliers\/\"]}]},{\"@type\":\"BreadcrumbList\",\"@id\":\"https:\/\/pierre-delaunay.fr\/marty-tatoo\/stickers-personnalises-paris-ideal-pour-les-professionnels-et-les-particuliers\/#breadcrumb\",\"itemListElement\":[{\"@type\":\"ListItem\",\"position\":1,\"name\":\"Accueil\",\"item\":\"https:\/\/pierre-delaunay.fr\/marty-tatoo\/\"},{\"@type\":\"ListItem\",\"position\":2,\"name\":\"Nouveau ! STICKERS TATOO pour particuliers et professionnels\"}]},{\"@type\":\"WebSite\",\"@id\":\"https:\/\/pierre-delaunay.fr\/marty-tatoo\/#website\",\"url\":\"https:\/\/pierre-delaunay.fr\/marty-tatoo\/\",\"name\":\"Marty Tatoo\",\"description\":\"PARIS\",\"publisher\":{\"@id\":\"https:\/\/pierre-delaunay.fr\/marty-tatoo\/#organization\"},\"potentialAction\":[{\"@type\":\"SearchAction\",\"target\":{\"@type\":\"EntryPoint\",\"urlTemplate\":\"https:\/\/pierre-delaunay.fr\/marty-tatoo\/?s={search_term_string}\"},\"query-input\":{\"@type\":\"PropertyValueSpecification\",\"valueRequired\":true,\"valueName\":\"search_term_string\"}}],\"inLanguage\":\"fr-FR\"},{\"@type\":\"Organization\",\"@id\":\"https:\/\/pierre-delaunay.fr\/marty-tatoo\/#organization\",\"name\":\"Marty Tatoo\",\"url\":\"https:\/\/pierre-delaunay.fr\/marty-tatoo\/\",\"logo\":{\"@type\":\"ImageObject\",\"inLanguage\":\"fr-FR\",\"@id\":\"https:\/\/pierre-delaunay.fr\/marty-tatoo\/#\/schema\/logo\/image\/\",\"url\":\"https:\/\/pierre-delaunay.fr\/marty-tatoo\/wp-content\/uploads\/logo-plien-png.png\",\"contentUrl\":\"https:\/\/pierre-delaunay.fr\/marty-tatoo\/wp-content\/uploads\/logo-plien-png.png\",\"width\":154,\"height\":150,\"caption\":\"Marty Tatoo\"},\"image\":{\"@id\":\"https:\/\/pierre-delaunay.fr\/marty-tatoo\/#\/schema\/logo\/image\/\"},\"sameAs\":[\"https:\/\/fr-fr.facebook.com\/AtelierMartyTatoo\/\",\"https:\/\/www.instagram.com\/martytatoo_officiel\/\"]}]}<\/script>\n<!-- \/ Yoast SEO plugin. -->","yoast_head_json":{"title":"Nouveau ! STICKERS TATOO pour particuliers et professionnels - Marty Tatoo","description":"Cr\u00e9ez des stickers uniques pour votre entreprise ou votre \u00e9v\u00e9nement. Id\u00e9al pour la publicit\u00e9, le cin\u00e9ma, les anniversaires et plus encore.","robots":{"index":"noindex","follow":"follow","max-snippet":"max-snippet:-1","max-image-preview":"max-image-preview:large","max-video-preview":"max-video-preview:-1"},"og_locale":"fr_FR","og_type":"article","og_title":"Nouveau ! STICKERS TATOO pour particuliers et professionnels - Marty Tatoo","og_description":"Cr\u00e9ez des stickers uniques pour votre entreprise ou votre \u00e9v\u00e9nement. Id\u00e9al pour la publicit\u00e9, le cin\u00e9ma, les anniversaires et plus encore.","og_url":"https:\/\/pierre-delaunay.fr\/marty-tatoo\/stickers-personnalises-paris-ideal-pour-les-professionnels-et-les-particuliers\/","og_site_name":"Marty Tatoo","article_publisher":"https:\/\/fr-fr.facebook.com\/AtelierMartyTatoo\/","article_modified_time":"2025-01-03T10:29:33+00:00","twitter_card":"summary_large_image","twitter_misc":{"Dur\u00e9e de lecture estim\u00e9e":"3 minutes"},"schema":{"@context":"https:\/\/schema.org","@graph":[{"@type":"WebPage","@id":"https:\/\/pierre-delaunay.fr\/marty-tatoo\/stickers-personnalises-paris-ideal-pour-les-professionnels-et-les-particuliers\/","url":"https:\/\/pierre-delaunay.fr\/marty-tatoo\/stickers-personnalises-paris-ideal-pour-les-professionnels-et-les-particuliers\/","name":"Nouveau ! STICKERS TATOO pour particuliers et professionnels - Marty Tatoo","isPartOf":{"@id":"https:\/\/pierre-delaunay.fr\/marty-tatoo\/#website"},"datePublished":"2024-12-17T12:52:52+00:00","dateModified":"2025-01-03T10:29:33+00:00","description":"Cr\u00e9ez des stickers uniques pour votre entreprise ou votre \u00e9v\u00e9nement. Id\u00e9al pour la publicit\u00e9, le cin\u00e9ma, les anniversaires et plus encore.","breadcrumb":{"@id":"https:\/\/pierre-delaunay.fr\/marty-tatoo\/stickers-personnalises-paris-ideal-pour-les-professionnels-et-les-particuliers\/#breadcrumb"},"inLanguage":"fr-FR","potentialAction":[{"@type":"ReadAction","target":["https:\/\/pierre-delaunay.fr\/marty-tatoo\/stickers-personnalises-paris-ideal-pour-les-professionnels-et-les-particuliers\/"]}]},{"@type":"BreadcrumbList","@id":"https:\/\/pierre-delaunay.fr\/marty-tatoo\/stickers-personnalises-paris-ideal-pour-les-professionnels-et-les-particuliers\/#breadcrumb","itemListElement":[{"@type":"ListItem","position":1,"name":"Accueil","item":"https:\/\/pierre-delaunay.fr\/marty-tatoo\/"},{"@type":"ListItem","position":2,"name":"Nouveau ! STICKERS TATOO pour particuliers et professionnels"}]},{"@type":"WebSite","@id":"https:\/\/pierre-delaunay.fr\/marty-tatoo\/#website","url":"https:\/\/pierre-delaunay.fr\/marty-tatoo\/","name":"Marty Tatoo","description":"PARIS","publisher":{"@id":"https:\/\/pierre-delaunay.fr\/marty-tatoo\/#organization"},"potentialAction":[{"@type":"SearchAction","target":{"@type":"EntryPoint","urlTemplate":"https:\/\/pierre-delaunay.fr\/marty-tatoo\/?s={search_term_string}"},"query-input":{"@type":"PropertyValueSpecification","valueRequired":true,"valueName":"search_term_string"}}],"inLanguage":"fr-FR"},{"@type":"Organization","@id":"https:\/\/pierre-delaunay.fr\/marty-tatoo\/#organization","name":"Marty Tatoo","url":"https:\/\/pierre-delaunay.fr\/marty-tatoo\/","logo":{"@type":"ImageObject","inLanguage":"fr-FR","@id":"https:\/\/pierre-delaunay.fr\/marty-tatoo\/#\/schema\/logo\/image\/","url":"https:\/\/pierre-delaunay.fr\/marty-tatoo\/wp-content\/uploads\/logo-plien-png.png","contentUrl":"https:\/\/pierre-delaunay.fr\/marty-tatoo\/wp-content\/uploads\/logo-plien-png.png","width":154,"height":150,"caption":"Marty Tatoo"},"image":{"@id":"https:\/\/pierre-delaunay.fr\/marty-tatoo\/#\/schema\/logo\/image\/"},"sameAs":["https:\/\/fr-fr.facebook.com\/AtelierMartyTatoo\/","https:\/\/www.instagram.com\/martytatoo_officiel\/"]}]}},"_links":{"self":[{"href":"https:\/\/pierre-delaunay.fr\/marty-tatoo\/wp-json\/wp\/v2\/pages\/24902","targetHints":{"allow":["GET"]}}],"collection":[{"href":"https:\/\/pierre-delaunay.fr\/marty-tatoo\/wp-json\/wp\/v2\/pages"}],"about":[{"href":"https:\/\/pierre-delaunay.fr\/marty-tatoo\/wp-json\/wp\/v2\/types\/page"}],"author":[{"embeddable":true,"href":"https:\/\/pierre-delaunay.fr\/marty-tatoo\/wp-json\/wp\/v2\/users\/1"}],"replies":[{"embeddable":true,"href":"https:\/\/pierre-delaunay.fr\/marty-tatoo\/wp-json\/wp\/v2\/comments?post=24902"}],"version-history":[{"count":5,"href":"https:\/\/pierre-delaunay.fr\/marty-tatoo\/wp-json\/wp\/v2\/pages\/24902\/revisions"}],"predecessor-version":[{"id":25121,"href":"https:\/\/pierre-delaunay.fr\/marty-tatoo\/wp-json\/wp\/v2\/pages\/24902\/revisions\/25121"}],"wp:attachment":[{"href":"https:\/\/pierre-delaunay.fr\/marty-tatoo\/wp-json\/wp\/v2\/media?parent=24902"}],"curies":[{"name":"wp","href":"https:\/\/api.w.org\/{rel}","templated":true}]}}